{"id":7,"date":"2023-02-09T00:00:14","date_gmt":"2023-02-09T00:00:14","guid":{"rendered":"http:\/\/www.unmaterial.website\/?page_id=7"},"modified":"2025-02-25T18:09:52","modified_gmt":"2025-02-25T18:09:52","slug":"shalom-bait","status":"publish","type":"page","link":"https:\/\/www.shalombait.org.ar\/en\/","title":{"rendered":"Shalom Bait"},"content":{"rendered":"","protected":false},"excerpt":{"rendered":"","protected":false},"author":1,"featured_media":0,"parent":0,"menu_order":3,"comment_status":"closed","ping_status":"closed","template":"","meta":[],"class_list":["post-7","page","type-page","status-publish","hentry"],"yoast_head":"<!-- This site is optimized with the Yoast SEO plugin v20.2.1 - https:\/\/yoast.com\/wordpress\/plugins\/seo\/ -->\n<title>Shalom Bait - Shalom Bait<\/title>\n<meta name=\"description\" content=\"Asociaci\u00f3n Civil - Prevenci\u00f3n - Asistencia psicol\u00f3gica y patrocinio jur\u00eddico a V\u00edctimas de Violencia de G\u00e9nero. Atenci\u00f3n gratuita.\" \/>\n<meta name=\"robots\" content=\"index, follow, max-snippet:-1, max-image-preview:large, max-video-preview:-1\" \/>\n<link rel=\"canonical\" href=\"https:\/\/www.shalombait.org.ar\/\" \/>\n<meta property=\"og:locale\" content=\"en_US\" \/>\n<meta property=\"og:type\" content=\"article\" \/>\n<meta property=\"og:title\" content=\"Shalom Bait\" \/>\n<meta property=\"og:description\" content=\"Asociaci\u00f3n Civil - Prevenci\u00f3n - Asistencia psicol\u00f3gica y patrocinio jur\u00eddico a V\u00edctimas de Violencia de G\u00e9nero. Atenci\u00f3n gratuita.\" \/>\n<meta property=\"og:url\" content=\"https:\/\/www.shalombait.org.ar\/\" \/>\n<meta property=\"og:site_name\" content=\"Shalom Bait\" \/>\n<meta property=\"article:modified_time\" content=\"2025-02-25T18:09:52+00:00\" \/>\n<meta name=\"twitter:card\" content=\"summary_large_image\" \/>\n<script type=\"application\/ld+json\" class=\"yoast-schema-graph\">{\"@context\":\"https:\/\/schema.org\",\"@graph\":[{\"@type\":\"WebPage\",\"@id\":\"https:\/\/www.shalombait.org.ar\/\",\"url\":\"https:\/\/www.shalombait.org.ar\/\",\"name\":\"Shalom Bait - Shalom Bait\",\"isPartOf\":{\"@id\":\"https:\/\/www.shalombait.org.ar\/#website\"},\"datePublished\":\"2023-02-09T00:00:14+00:00\",\"dateModified\":\"2025-02-25T18:09:52+00:00\",\"description\":\"Asociaci\u00f3n Civil - Prevenci\u00f3n - Asistencia psicol\u00f3gica y patrocinio jur\u00eddico a V\u00edctimas de Violencia de G\u00e9nero. Atenci\u00f3n gratuita.\",\"breadcrumb\":{\"@id\":\"https:\/\/www.shalombait.org.ar\/#breadcrumb\"},\"inLanguage\":\"en-US\",\"potentialAction\":[{\"@type\":\"ReadAction\",\"target\":[\"https:\/\/www.shalombait.org.ar\/\"]}]},{\"@type\":\"BreadcrumbList\",\"@id\":\"https:\/\/www.shalombait.org.ar\/#breadcrumb\",\"itemListElement\":[{\"@type\":\"ListItem\",\"position\":1,\"name\":\"Portada\",\"item\":\"https:\/\/www.shalombait.org.ar\/\"},{\"@type\":\"ListItem\",\"position\":2,\"name\":\"Shalom Bait\"}]},{\"@type\":\"WebSite\",\"@id\":\"https:\/\/www.shalombait.org.ar\/#website\",\"url\":\"https:\/\/www.shalombait.org.ar\/\",\"name\":\"Shalom Bait\",\"description\":\"Defendemos el derecho a vivir en un hogar sin violencia\",\"publisher\":{\"@id\":\"https:\/\/www.shalombait.org.ar\/#organization\"},\"potentialAction\":[{\"@type\":\"SearchAction\",\"target\":{\"@type\":\"EntryPoint\",\"urlTemplate\":\"https:\/\/www.shalombait.org.ar\/?s={search_term_string}\"},\"query-input\":\"required name=search_term_string\"}],\"inLanguage\":\"en-US\"},{\"@type\":\"Organization\",\"@id\":\"https:\/\/www.shalombait.org.ar\/#organization\",\"name\":\"Shalom Bait\",\"url\":\"https:\/\/www.shalombait.org.ar\/\",\"logo\":{\"@type\":\"ImageObject\",\"inLanguage\":\"en-US\",\"@id\":\"https:\/\/www.shalombait.org.ar\/#\/schema\/logo\/image\/\",\"url\":\"https:\/\/www.shalombait.org.ar\/wp-content\/uploads\/2018\/11\/Logo-header.png\",\"contentUrl\":\"https:\/\/www.shalombait.org.ar\/wp-content\/uploads\/2018\/11\/Logo-header.png\",\"width\":778,\"height\":143,\"caption\":\"Shalom Bait\"},\"image\":{\"@id\":\"https:\/\/www.shalombait.org.ar\/#\/schema\/logo\/image\/\"}}]}<\/script>\n<!-- \/ Yoast SEO plugin. -->","yoast_head_json":{"title":"Shalom Bait - Shalom Bait","description":"Asociaci\u00f3n Civil - Prevenci\u00f3n - Asistencia psicol\u00f3gica y patrocinio jur\u00eddico a V\u00edctimas de Violencia de G\u00e9nero. Atenci\u00f3n gratuita.","robots":{"index":"index","follow":"follow","max-snippet":"max-snippet:-1","max-image-preview":"max-image-preview:large","max-video-preview":"max-video-preview:-1"},"canonical":"https:\/\/www.shalombait.org.ar\/","og_locale":"en_US","og_type":"article","og_title":"Shalom Bait","og_description":"Asociaci\u00f3n Civil - Prevenci\u00f3n - Asistencia psicol\u00f3gica y patrocinio jur\u00eddico a V\u00edctimas de Violencia de G\u00e9nero. Atenci\u00f3n gratuita.","og_url":"https:\/\/www.shalombait.org.ar\/","og_site_name":"Shalom Bait","article_modified_time":"2025-02-25T18:09:52+00:00","twitter_card":"summary_large_image","schema":{"@context":"https:\/\/schema.org","@graph":[{"@type":"WebPage","@id":"https:\/\/www.shalombait.org.ar\/","url":"https:\/\/www.shalombait.org.ar\/","name":"Shalom Bait - Shalom Bait","isPartOf":{"@id":"https:\/\/www.shalombait.org.ar\/#website"},"datePublished":"2023-02-09T00:00:14+00:00","dateModified":"2025-02-25T18:09:52+00:00","description":"Asociaci\u00f3n Civil - Prevenci\u00f3n - Asistencia psicol\u00f3gica y patrocinio jur\u00eddico a V\u00edctimas de Violencia de G\u00e9nero. Atenci\u00f3n gratuita.","breadcrumb":{"@id":"https:\/\/www.shalombait.org.ar\/#breadcrumb"},"inLanguage":"en-US","potentialAction":[{"@type":"ReadAction","target":["https:\/\/www.shalombait.org.ar\/"]}]},{"@type":"BreadcrumbList","@id":"https:\/\/www.shalombait.org.ar\/#breadcrumb","itemListElement":[{"@type":"ListItem","position":1,"name":"Portada","item":"https:\/\/www.shalombait.org.ar\/"},{"@type":"ListItem","position":2,"name":"Shalom Bait"}]},{"@type":"WebSite","@id":"https:\/\/www.shalombait.org.ar\/#website","url":"https:\/\/www.shalombait.org.ar\/","name":"Shalom Bait","description":"Defendemos el derecho a vivir en un hogar sin violencia","publisher":{"@id":"https:\/\/www.shalombait.org.ar\/#organization"},"potentialAction":[{"@type":"SearchAction","target":{"@type":"EntryPoint","urlTemplate":"https:\/\/www.shalombait.org.ar\/?s={search_term_string}"},"query-input":"required name=search_term_string"}],"inLanguage":"en-US"},{"@type":"Organization","@id":"https:\/\/www.shalombait.org.ar\/#organization","name":"Shalom Bait","url":"https:\/\/www.shalombait.org.ar\/","logo":{"@type":"ImageObject","inLanguage":"en-US","@id":"https:\/\/www.shalombait.org.ar\/#\/schema\/logo\/image\/","url":"https:\/\/www.shalombait.org.ar\/wp-content\/uploads\/2018\/11\/Logo-header.png","contentUrl":"https:\/\/www.shalombait.org.ar\/wp-content\/uploads\/2018\/11\/Logo-header.png","width":778,"height":143,"caption":"Shalom Bait"},"image":{"@id":"https:\/\/www.shalombait.org.ar\/#\/schema\/logo\/image\/"}}]}},"grid":"{\r\n  \"colCount\": 30,\r\n  \"colGutter\": 0,\r\n  \"rowGutters\": [\r\n    5,\r\n    0,\r\n    5,\r\n    5,\r\n    5,\r\n    5,\r\n    5,\r\n    5,\r\n    0,\r\n    0\r\n  ],\r\n  \"frameMargin\": 0,\r\n  \"topFrameMargin\": 70,\r\n  \"bottomFrameMargin\": 0,\r\n  \"rowAttrs\": [\r\n    {\r\n      \"bgcolor\": \"#ffffff\",\r\n      \"relid\": 30\r\n    },\r\n    {\r\n      \"bgcolor\": \"#252525\",\r\n      \"relid\": 31,\r\n      \"classes\": \"bloques_row\"\r\n    },\r\n    {\r\n      \"bgcolor\": \"#252525\",\r\n      \"relid\": 32\r\n    },\r\n    {\r\n      \"relid\": 33\r\n    },\r\n    {\r\n      \"relid\": 34\r\n    },\r\n    {\r\n      \"bgcolor\": \"#75328b\",\r\n      \"relid\": 35\r\n    },\r\n    {\r\n      \"relid\": 36\r\n    },\r\n    {\r\n      \"relid\": 37\r\n    },\r\n    {\r\n      \"bgcolor\": \"#75328b\",\r\n      \"relid\": 38\r\n    },\r\n    {\r\n      \"relid\": 56\r\n    },\r\n    {\r\n      \"row100vh\": false,\r\n      \"relid\": 58,\r\n      \"html_id\": \"form\"\r\n    }\r\n  ],\r\n  \"bgColor\": null,\r\n  \"cont\": [\r\n    {\r\n      \"type\": \"text\",\r\n      \"cont\": \"<h1 class=\\\"_Titulo_Seccion\\\">There are ways out of gender violence<\/h1>\",\r\n      \"align\": \"middle\",\r\n      \"row\": 0,\r\n      \"col\": 6,\r\n      \"colspan\": 18,\r\n      \"offsetx\": 0,\r\n      \"offsety\": 0,\r\n      \"spaceabove\": 10,\r\n      \"spacebelow\": 10,\r\n      \"yvel\": 1,\r\n      \"push\": 6,\r\n      \"relid\": 4,\r\n      \"frameOverflow\": \"\",\r\n      \"dosync\": false,\r\n      \"absolute_position\": false\r\n    },\r\n    {\r\n      \"type\": \"text\",\r\n      \"cont\": \"<h1 class=\\\"_Titulo_Bloque\\\" style=\\\"text-align: right;\\\">Our Mission<\/h1>\",\r\n      \"align\": \"top\",\r\n      \"row\": 1,\r\n      \"col\": 2,\r\n      \"colspan\": 12,\r\n      \"offsetx\": 0,\r\n      \"offsety\": 0,\r\n      \"spaceabove\": 0,\r\n      \"spacebelow\": 0,\r\n      \"yvel\": 1,\r\n      \"push\": 2,\r\n      \"relid\": 14,\r\n      \"frameOverflow\": \"\",\r\n      \"dosync\": false,\r\n      \"absolute_position\": false\r\n    },\r\n    {\r\n      \"type\": \"stack\",\r\n      \"cont\": [\r\n        {\r\n          \"type\": \"text\",\r\n          \"cont\": \"<p class=\\\"_Texto_Bloque\\\">ACCOMPANY WOMEN IN SITUATION OF GENDER-BASED VIOLENCE ON THEIR ROUTES<br \/>TOWARDS A LIFE FREE OF VIOLENCE, THROUGH A COMPREHENSIVE APPROACH -PSYCHO SOCIAL LEGAL-,<br \/>AND PROVIDE SOLUTIONS FOR THE ELIMINATION OF GENDER-BASED VIOLENCE.<\/p>\",\r\n          \"align\": \"top\",\r\n          \"row\": -1,\r\n          \"col\": 1,\r\n          \"colspan\": 12,\r\n          \"offsetx\": 0,\r\n          \"offsety\": 0,\r\n          \"spaceabove\": 0,\r\n          \"spacebelow\": 0,\r\n          \"yvel\": 1,\r\n          \"push\": 1,\r\n          \"relid\": 7,\r\n          \"absolute_position\": false\r\n        }\r\n      ],\r\n      \"align\": \"top\",\r\n      \"row\": 1,\r\n      \"col\": 15,\r\n      \"colspan\": 15,\r\n      \"offsetx\": 0,\r\n      \"offsety\": 0,\r\n      \"spaceabove\": 0,\r\n      \"spacebelow\": 0,\r\n      \"yvel\": 1,\r\n      \"push\": 1,\r\n      \"relid\": 6,\r\n      \"classes\": \"bloque_violeta\",\r\n      \"frameOverflow\": \"\",\r\n      \"absolute_position\": false\r\n    },\r\n    {\r\n      \"type\": \"stack\",\r\n      \"cont\": [\r\n        {\r\n          \"type\": \"text\",\r\n          \"cont\": \"<p class=\\\"_Texto_Bloque\\\" style=\\\"text-align: right;\\\">We believe in a world without gender-based violence in which all women, LGBTIQ+ people and children are free and fully enjoy their rights.<\/p><p class=\\\"_Texto_Bloque\\\" style=\\\"text-align: right;\\\">\u00a0<\/p><p class=\\\"_Texto_Bloque\\\" style=\\\"text-align: right;\\\">\u00a0<\/p>\",\r\n          \"align\": \"top\",\r\n          \"row\": -1,\r\n          \"col\": 2,\r\n          \"colspan\": 12,\r\n          \"offsetx\": 0,\r\n          \"offsety\": 0,\r\n          \"spaceabove\": 0,\r\n          \"spacebelow\": 0,\r\n          \"yvel\": 1,\r\n          \"push\": 2,\r\n          \"relid\": 10,\r\n          \"absolute_position\": false\r\n        }\r\n      ],\r\n      \"align\": \"top\",\r\n      \"row\": 2,\r\n      \"col\": 0,\r\n      \"colspan\": 15,\r\n      \"offsetx\": 0,\r\n      \"offsety\": 0,\r\n      \"spaceabove\": 0,\r\n      \"spacebelow\": 0,\r\n      \"yvel\": 1,\r\n      \"push\": 0,\r\n      \"relid\": 5,\r\n      \"frameOverflow\": \"\",\r\n      \"classes\": \"bloque_violeta\",\r\n      \"absolute_position\": false\r\n    },\r\n    {\r\n      \"type\": \"text\",\r\n      \"cont\": \"<h1 class=\\\"_Titulo_Bloque\\\" style=\\\"text-align: left;\\\">Our Vision<\/h1>\",\r\n      \"align\": \"top\",\r\n      \"row\": 2,\r\n      \"col\": 16,\r\n      \"colspan\": 12,\r\n      \"offsetx\": 0,\r\n      \"offsety\": 0,\r\n      \"spaceabove\": 0,\r\n      \"spacebelow\": 0,\r\n      \"yvel\": 1,\r\n      \"push\": 1,\r\n      \"relid\": 11,\r\n      \"dosync\": false,\r\n      \"absolute_position\": false\r\n    },\r\n    {\r\n      \"type\": \"text\",\r\n      \"cont\": \"<h1 class=\\\"_Sub_Titulo\\\">What we do<\/h1>\",\r\n      \"align\": \"bottom\",\r\n      \"row\": 3,\r\n      \"col\": 2,\r\n      \"colspan\": 26,\r\n      \"offsetx\": 0,\r\n      \"offsety\": 0,\r\n      \"spaceabove\": 0,\r\n      \"spacebelow\": 0,\r\n      \"yvel\": 1,\r\n      \"push\": 2,\r\n      \"relid\": 8,\r\n      \"frameOverflow\": \"\",\r\n      \"dosync\": false,\r\n      \"absolute_position\": false\r\n    },\r\n    {\r\n      \"type\": \"text\",\r\n      \"cont\": \"<p class=\\\"_Texto\\\"><strong>Comprehensive Assistance<\/strong><\/p><p>\u00a0<\/p><p class=\\\"_Texto\\\">We conceive gender-based violence as an issue that affects women in every aspect of their lives, and therefore it must be approached taking this level of complexity into consideration. We carry out comprehensive work focusing on the strengthening and protection of the victims, providing support, orientation, group assistance, and legal counsel and representation. We assist women who are gender-based violence victims, women who survived child abuse, and mothers who suspect their daughters or sons have been victims of sexual abuse.<\/p><p>\u00a0<\/p><p><span style=\\\"text-decoration: underline; color: #993366;\\\">+ Info<\/span><\/p>\",\r\n      \"align\": \"top\",\r\n      \"row\": 4,\r\n      \"col\": 2,\r\n      \"colspan\": 7,\r\n      \"offsetx\": 0,\r\n      \"offsety\": 0,\r\n      \"spaceabove\": 0,\r\n      \"spacebelow\": 0,\r\n      \"yvel\": 1,\r\n      \"push\": 2,\r\n      \"relid\": 9,\r\n      \"absolute_position\": false\r\n    },\r\n    {\r\n      \"type\": \"text\",\r\n      \"cont\": \"<p class=\\\"_Texto\\\"><span style=\\\"font-family: 'Untitled Sans Medium';\\\">Trainning<\/span><br \/><br \/><\/p><p class=\\\"_Texto\\\">We are deeply committed to developing best practices in the approach of gender-based abuse and violence against children and adolescents.<\/p><p class=\\\"_Texto\\\">We develop multiple training activities, courses, conferences and seminars. In addition, we take part as speakers in both national and international congresses and as guest lecturers in courses and graduate classes related to this issue.<\/p><p class=\\\"_Texto\\\"><br \/><a href=\\\"https:\/\/www.shalombait.org.ar\/capacitacion\/\\\" data-type=\\\"page\\\" data-id=\\\"154\\\" data-title=\\\"Capacitaci\u00f3n\\\"><span style=\\\"text-decoration: underline;\\\"><span style=\\\"color: #743589; text-decoration: underline;\\\">+ Info<\/span><\/span><\/a><\/p>\",\r\n      \"align\": \"top\",\r\n      \"row\": 4,\r\n      \"col\": 11,\r\n      \"colspan\": 8,\r\n      \"offsetx\": 0,\r\n      \"offsety\": 0,\r\n      \"spaceabove\": 0,\r\n      \"spacebelow\": 0,\r\n      \"yvel\": 1,\r\n      \"push\": 2,\r\n      \"relid\": 12,\r\n      \"frameOverflow\": \"\",\r\n      \"absolute_position\": false\r\n    },\r\n    {\r\n      \"type\": \"text\",\r\n      \"cont\": \"<p class=\\\"_Texto\\\"><strong>Prevention<\/strong><\/p><p>\u00a0<\/p><p class=\\\"_Texto\\\">We believe that training sensitivity, raising awareness, and socializing information provides the victims with tools and resources to take the first steps towards solving the problem, and also contributes to the process of transforming society as a whole.<\/p><p class=\\\"_Texto\\\">We run prevention workshops and distribute graphic campaigns and publications in print and digital format.<\/p><p>\u00a0<\/p><p><span style=\\\"text-decoration: underline;\\\"><span style=\\\"color: #743589; text-decoration: underline;\\\">+Info<\/span><\/span><\/p>\",\r\n      \"align\": \"top\",\r\n      \"row\": 4,\r\n      \"col\": 21,\r\n      \"colspan\": 7,\r\n      \"offsetx\": 0,\r\n      \"offsety\": 0,\r\n      \"spaceabove\": 0,\r\n      \"spacebelow\": 0,\r\n      \"yvel\": 1,\r\n      \"push\": 2,\r\n      \"relid\": 17,\r\n      \"absolute_position\": false\r\n    },\r\n    {\r\n      \"type\": \"text\",\r\n      \"cont\": \"<h1 class=\\\"_Numeros\\\" style=\\\"line-height: 0.6;\\\"><span style=\\\"font-family: 'Untitled Sans Bold'; color: #cec445;\\\">more<\/span><\/h1><h1 class=\\\"_Numeros\\\" style=\\\"line-height: 0.6;\\\"><span style=\\\"font-family: 'Untitled Sans Bold'; color: #cec445;\\\"> than <\/span><\/h1><h1 class=\\\"_Numeros\\\" style=\\\"line-height: 0.6;\\\"><span style=\\\"font-family: 'Untitled Sans Bold'; color: #cec445;\\\">4.500<\/span><\/h1><p class=\\\"_Texto\\\" style=\\\"line-height: 1.2;\\\"><span style=\\\"color: #ffffff; font-size: 20px;\\\">women found the support necessary to change their lives.<\/span><\/p>\",\r\n      \"align\": \"top\",\r\n      \"row\": 5,\r\n      \"col\": 3,\r\n      \"colspan\": 4,\r\n      \"offsetx\": 0,\r\n      \"offsety\": 0,\r\n      \"spaceabove\": 5,\r\n      \"spacebelow\": 10,\r\n      \"yvel\": 1,\r\n      \"push\": 3,\r\n      \"relid\": 18,\r\n      \"absolute_position\": false\r\n    },\r\n    {\r\n      \"type\": \"text\",\r\n      \"cont\": \"<h1 class=\\\"_Numeros\\\" style=\\\"line-height: 0.6;\\\"><span style=\\\"font-family: 'Untitled Sans Bold'; color: #cec445;\\\">more <\/span><\/h1><h1 class=\\\"_Numeros\\\" style=\\\"line-height: 0.6;\\\"><span style=\\\"font-family: 'Untitled Sans Bold'; color: #cec445;\\\">than <\/span><\/h1><h1 class=\\\"_Numeros\\\" style=\\\"line-height: 0.6;\\\"><span style=\\\"font-family: 'Untitled Sans Bold'; color: #cec445;\\\">2.500<\/span><\/h1><p class=\\\"_Texto\\\" style=\\\"line-height: 1.2;\\\"><span style=\\\"color: #ffffff; font-size: 20px;\\\">Professionals attended our training programs.<\/span><\/p>\",\r\n      \"align\": \"top\",\r\n      \"row\": 5,\r\n      \"col\": 8,\r\n      \"colspan\": 4,\r\n      \"offsetx\": 0,\r\n      \"offsety\": 10,\r\n      \"spaceabove\": 0,\r\n      \"spacebelow\": 10,\r\n      \"yvel\": 1,\r\n      \"push\": 1,\r\n      \"relid\": 19,\r\n      \"absolute_position\": false\r\n    },\r\n    {\r\n      \"type\": \"text\",\r\n      \"cont\": \"<h1 class=\\\"_Numeros\\\" style=\\\"line-height: 0.6;\\\"><span style=\\\"font-family: 'Untitled Sans Bold'; color: #cec445;\\\">12<\/span><\/h1><p class=\\\"_Texto\\\" style=\\\"line-height: 1.2;\\\"><span style=\\\"color: #ffffff; font-size: 20px;\\\">Groups of Women assemble every week.<\/span><\/p><p>\u00a0<\/p><p>\u00a0<\/p><p>\u00a0<\/p>\",\r\n      \"align\": \"middle\",\r\n      \"row\": 5,\r\n      \"col\": 13,\r\n      \"colspan\": 4,\r\n      \"offsetx\": 0,\r\n      \"offsety\": 0,\r\n      \"spaceabove\": 5,\r\n      \"spacebelow\": 10,\r\n      \"yvel\": 1,\r\n      \"push\": 1,\r\n      \"relid\": 21,\r\n      \"absolute_position\": false\r\n    },\r\n    {\r\n      \"type\": \"text\",\r\n      \"cont\": \"<h1 class=\\\"_Numeros\\\" style=\\\"line-height: 0.6;\\\"><span style=\\\"font-family: 'Untitled Sans Bold'; color: #cec445;\\\">292<\/span><\/h1><p class=\\\"_Texto\\\" style=\\\"line-height: 1.2;\\\"><span style=\\\"color: #ffffff; font-size: 20px;\\\">Women attended the groups this year.<\/span><\/p>\",\r\n      \"align\": \"top\",\r\n      \"row\": 5,\r\n      \"col\": 18,\r\n      \"colspan\": 4,\r\n      \"offsetx\": 0,\r\n      \"offsety\": 10,\r\n      \"spaceabove\": 0,\r\n      \"spacebelow\": 10,\r\n      \"yvel\": 1,\r\n      \"push\": 1,\r\n      \"relid\": 20,\r\n      \"absolute_position\": false\r\n    },\r\n    {\r\n      \"type\": \"text\",\r\n      \"cont\": \"<h1 class=\\\"_Numeros\\\" style=\\\"line-height: 0.6;\\\"><span style=\\\"font-family: 'Untitled Sans Bold'; color: #cec445;\\\">447<\/span><\/h1><p class=\\\"_Texto\\\" style=\\\"line-height: 1.2;\\\"><span style=\\\"color: #ffffff;\\\">women received assistance in the last year.<\/span><\/p>\",\r\n      \"align\": \"middle\",\r\n      \"row\": 5,\r\n      \"col\": 23,\r\n      \"colspan\": 4,\r\n      \"offsetx\": 0,\r\n      \"offsety\": 0,\r\n      \"spaceabove\": 5,\r\n      \"spacebelow\": 10,\r\n      \"yvel\": 1,\r\n      \"push\": 1,\r\n      \"relid\": 22,\r\n      \"absolute_position\": false\r\n    },\r\n    {\r\n      \"type\": \"text\",\r\n      \"cont\": \"\",\r\n      \"align\": \"top\",\r\n      \"row\": 6,\r\n      \"col\": 10,\r\n      \"colspan\": 8,\r\n      \"offsetx\": 0,\r\n      \"offsety\": 0,\r\n      \"spaceabove\": 0,\r\n      \"spacebelow\": 0,\r\n      \"yvel\": 1,\r\n      \"push\": 10,\r\n      \"relid\": 26,\r\n      \"dosync\": false,\r\n      \"absolute_position\": false\r\n    },\r\n    {\r\n      \"type\": \"postThumbnail\",\r\n      \"cont\": \"\/wp-content\/uploads\/2025\/02\/blog.png\",\r\n      \"align\": \"top\",\r\n      \"row\": 7,\r\n      \"col\": 2,\r\n      \"colspan\": 8,\r\n      \"offsetx\": 0,\r\n      \"offsety\": 0,\r\n      \"spaceabove\": 0,\r\n      \"spacebelow\": 0,\r\n      \"yvel\": 1,\r\n      \"push\": 2,\r\n      \"relid\": 25,\r\n      \"title\": \"WE ARE IN AN EMERGENCY: JOIN THE #REDXTODAS\",\r\n      \"postid\": 759,\r\n      \"descr\": \"<p>February 11, 2025<\/p>\\n<p><span style=\\\"text-decoration: underline;\\\">Novedades Institucionales<\/span><\/p>\\n\",\r\n      \"link\": \"\/co-ocurrencia-de-violencia-de-g-y-violencia-sexual-contra-infancias-copy\/\",\r\n      \"attid\": 760,\r\n      \"ar\": 0.6705107084019769,\r\n      \"sizes\": {\r\n        \"full\": \"\/wp-content\/uploads\/2025\/02\/blog.png\",\r\n        \"_4096\": \"\/wp-content\/uploads\/2025\/02\/blog-4096x2746.png\",\r\n        \"_3840\": \"\/wp-content\/uploads\/2025\/02\/blog-3840x2575.png\",\r\n        \"_3200\": \"\/wp-content\/uploads\/2025\/02\/blog-3200x2146.png\",\r\n        \"_2560\": \"\/wp-content\/uploads\/2025\/02\/blog-2560x1717.png\",\r\n        \"_1920\": \"\/wp-content\/uploads\/2025\/02\/blog-1920x1287.png\",\r\n        \"_1280\": \"\/wp-content\/uploads\/2025\/02\/blog-1280x858.png\",\r\n        \"_1024\": \"\/wp-content\/uploads\/2025\/02\/blog-1024x687.png\",\r\n        \"_768\": \"\/wp-content\/uploads\/2025\/02\/blog-768x515.png\",\r\n        \"_512\": \"\/wp-content\/uploads\/2025\/02\/blog-512x343.png\",\r\n        \"_265\": \"\/wp-content\/uploads\/2025\/02\/blog-265x178.png\"\r\n      },\r\n      \"mo_sizes\": null,\r\n      \"mo_h\": 0,\r\n      \"mo_w\": 0,\r\n      \"video_url\": \"\",\r\n      \"video_w\": 0,\r\n      \"video_h\": 0,\r\n      \"mo_attid\": \"-1\",\r\n      \"video_attid\": \"\",\r\n      \"absolute_position\": false,\r\n      \"tags\": [],\r\n      \"w\": 666,\r\n      \"h\": 444\r\n    },\r\n    {\r\n      \"type\": \"postThumbnail\",\r\n      \"cont\": \"\/wp-content\/uploads\/2023\/07\/8.png\",\r\n      \"align\": \"top\",\r\n      \"row\": 7,\r\n      \"col\": 11,\r\n      \"colspan\": 8,\r\n      \"offsetx\": 0,\r\n      \"offsety\": 0,\r\n      \"spaceabove\": 0,\r\n      \"spacebelow\": 0,\r\n      \"yvel\": 1,\r\n      \"push\": 1,\r\n      \"relid\": 23,\r\n      \"title\": \"WHY TALK ABOUT THE CO-OCCURRENCE OF GENDER-BASED VIOLENCE AND SEXUAL VIOLENCE AGAINST CHILDREN?\",\r\n      \"postid\": 736,\r\n      \"descr\": \"<p>July 5, 2022<\/p>\\n<p>Actualidad<\/p>\\n\",\r\n      \"link\": \"\/co-ocurrencia-de-violencia-de-g-y-violencia-sexual-contra-infancias\/\",\r\n      \"attid\": 737,\r\n      \"ar\": 0.6666666666666666,\r\n      \"sizes\": {\r\n        \"full\": \"\/wp-content\/uploads\/2023\/07\/8.png\",\r\n        \"_512\": \"\/wp-content\/uploads\/2023\/07\/8-512x341.png\",\r\n        \"_265\": \"\/wp-content\/uploads\/2023\/07\/8-265x177.png\"\r\n      },\r\n      \"mo_sizes\": null,\r\n      \"mo_h\": 0,\r\n      \"mo_w\": 0,\r\n      \"video_url\": \"\",\r\n      \"video_w\": 0,\r\n      \"video_h\": 0,\r\n      \"mo_attid\": \"-1\",\r\n      \"video_attid\": \"\",\r\n      \"absolute_position\": false,\r\n      \"tags\": [],\r\n      \"w\": 666,\r\n      \"h\": 444\r\n    },\r\n    {\r\n      \"type\": \"postThumbnail\",\r\n      \"cont\": \"\/wp-content\/uploads\/2023\/07\/5.png\",\r\n      \"align\": \"top\",\r\n      \"row\": 7,\r\n      \"col\": 20,\r\n      \"colspan\": 8,\r\n      \"offsetx\": 0,\r\n      \"offsety\": 0,\r\n      \"spaceabove\": 0,\r\n      \"spacebelow\": 0,\r\n      \"yvel\": 1,\r\n      \"push\": 1,\r\n      \"relid\": 24,\r\n      \"title\": \"NON-PAYMENT OF FOOD AS A FORM OF GENDER-BASED VIOLENCE\",\r\n      \"postid\": 732,\r\n      \"descr\": \"<p>February 24, 2022<\/p>\\n<p>Actualidad<\/p>\\n\",\r\n      \"link\": \"\/no-pago-de-alimentos-como-una-forma-de-violencia-de-genero-copy\/\",\r\n      \"attid\": 731,\r\n      \"ar\": 0.6666666666666666,\r\n      \"sizes\": {\r\n        \"full\": \"\/wp-content\/uploads\/2023\/07\/5.png\",\r\n        \"_512\": \"\/wp-content\/uploads\/2023\/07\/5-512x341.png\",\r\n        \"_265\": \"\/wp-content\/uploads\/2023\/07\/5-265x177.png\"\r\n      },\r\n      \"mo_sizes\": null,\r\n      \"mo_h\": 0,\r\n      \"mo_w\": 0,\r\n      \"video_url\": \"\",\r\n      \"video_w\": 0,\r\n      \"video_h\": 0,\r\n      \"mo_attid\": \"-1\",\r\n      \"video_attid\": \"\",\r\n      \"absolute_position\": false,\r\n      \"tags\": []\r\n    },\r\n    {\r\n      \"type\": \"text\",\r\n      \"cont\": \"<p>\u00a0<\/p><h1 class=\\\"_Titulo_Bloque\\\" style=\\\"text-align: center;\\\">Be part of the solution<\/h1><h1 class=\\\"_Unite\\\" style=\\\"text-align: center;\\\"><span style=\\\"color: #cec24f;\\\"><a style=\\\"color: #cec24f;\\\" href=\\\"https:\/\/www.shalombait.org.ar\/dona\/\\\" data-type=\\\"page\\\" data-id=\\\"163\\\" data-title=\\\"Don\u00e1\\\">JOIN SHALOM BAIT<\/a><\/span><\/h1><p>\u00a0<\/p>\",\r\n      \"align\": \"top\",\r\n      \"row\": 8,\r\n      \"col\": 2,\r\n      \"colspan\": 26,\r\n      \"offsetx\": 0,\r\n      \"offsety\": 0,\r\n      \"spaceabove\": 2,\r\n      \"spacebelow\": 6,\r\n      \"yvel\": 1,\r\n      \"push\": 2,\r\n      \"relid\": 27,\r\n      \"dosync\": false,\r\n      \"absolute_position\": false,\r\n      \"frameOverflow\": \"\"\r\n    },\r\n    {\r\n      \"type\": \"text\",\r\n      \"cont\": \"\",\r\n      \"align\": \"middle\",\r\n      \"row\": 9,\r\n      \"col\": 11,\r\n      \"colspan\": 8,\r\n      \"offsetx\": 0,\r\n      \"offsety\": 0,\r\n      \"spaceabove\": 5,\r\n      \"spacebelow\": 1,\r\n      \"yvel\": 1,\r\n      \"push\": 11,\r\n      \"relid\": 57,\r\n      \"absolute_position\": false,\r\n      \"dosync\": false\r\n    },\r\n    {\r\n      \"type\": \"html\",\r\n      \"cont\": \"<!-- Start of Async DataCrush Form Code --> <script id=\\\"z-form\\\"> (function(d,s,i,r) {   if (d.getElementById(i)){return;}   var n=d.createElement(s),e=d.getElementsByTagName(s)[0];   n.id=i;n.src='\/\/js.datacrush.la\/form\/form.js?'+(Math.ceil(new Date()\/r)*r);   e.parentNode.insertBefore(n, e); })(document,\\\"script\\\",\\\"dc-form\\\",300000); var zDataForm = {portalID: '5108', formKey: '5108tS4XJSywPcFdeduMTuO154tfHgEirHztWHjYIBH3vmgQZ'}; <\/script> <!-- Start of Async DataCrush Form Code -->\",\r\n      \"align\": \"top\",\r\n      \"row\": 10,\r\n      \"col\": 11,\r\n      \"colspan\": 8,\r\n      \"offsetx\": 0,\r\n      \"offsety\": 0,\r\n      \"spaceabove\": 1,\r\n      \"spacebelow\": 5,\r\n      \"yvel\": 1,\r\n      \"push\": 11,\r\n      \"relid\": 59,\r\n      \"panelPosition\": {\r\n        \"width\": 1229.4,\r\n        \"height\": 546.3000000000001,\r\n        \"left\": \"68.29999999999995px\",\r\n        \"top\": \"30.349999999999966px\",\r\n        \"transform\": \"none\"\r\n      },\r\n      \"panelBodyHeight\": {\r\n        \"height\": \"410.30000000000007px\"\r\n      },\r\n      \"absolute_position\": false,\r\n      \"frameOverflow\": \"\"\r\n    }\r\n  ]\r\n}","phonegrid":"{\r\n  \"colCount\": 30,\r\n  \"colGutter\": 0,\r\n  \"rowGutters\": [\r\n    5,\r\n    0,\r\n    5,\r\n    5,\r\n    5,\r\n    5,\r\n    5,\r\n    5,\r\n    5,\r\n    0,\r\n    0,\r\n    5,\r\n    5,\r\n    5,\r\n    5,\r\n    5,\r\n    \"\"\r\n  ],\r\n  \"frameMargin\": 0,\r\n  \"topFrameMargin\": 5,\r\n  \"bottomFrameMargin\": 0,\r\n  \"rowAttrs\": [\r\n    {\r\n      \"bgcolor\": \"#ffffff\",\r\n      \"relid\": 39\r\n    },\r\n    {\r\n      \"bgcolor\": \"#252525\",\r\n      \"classes\": \"bloques_row\",\r\n      \"relid\": 40\r\n    },\r\n    {\r\n      \"bgcolor\": \"#252525\",\r\n      \"relid\": 41\r\n    },\r\n    [],\r\n    [],\r\n    [],\r\n    [],\r\n    [],\r\n    [],\r\n    {\r\n      \"bgcolor\": \"#75328b\",\r\n      \"relid\": 48\r\n    },\r\n    {\r\n      \"bgcolor\": \"#75328b\",\r\n      \"relid\": 49\r\n    },\r\n    {\r\n      \"bgcolor\": \"#75328b\",\r\n      \"relid\": 50\r\n    },\r\n    [],\r\n    [],\r\n    [],\r\n    [],\r\n    {\r\n      \"bgcolor\": \"#75328b\",\r\n      \"relid\": 55\r\n    },\r\n    {\r\n      \"relid\": 63\r\n    }\r\n  ],\r\n  \"bgColor\": null,\r\n  \"cont\": [\r\n    {\r\n      \"type\": \"text\",\r\n      \"cont\": \"<h1 class=\\\"_Titulo_Seccion\\\">There are ways out of gender violence<\/h1>\",\r\n      \"align\": \"middle\",\r\n      \"row\": 0,\r\n      \"col\": 7,\r\n      \"colspan\": 16,\r\n      \"offsetx\": 0,\r\n      \"offsety\": 0,\r\n      \"spaceabove\": 10,\r\n      \"spacebelow\": 5,\r\n      \"yvel\": 1,\r\n      \"push\": 7,\r\n      \"relid\": 4,\r\n      \"dosync\": false,\r\n      \"absolute_position\": false\r\n    },\r\n    {\r\n      \"type\": \"text\",\r\n      \"cont\": \"<h1 class=\\\"_Titulo_Bloque\\\" style=\\\"text-align: right;\\\">Our Mission<\/h1>\",\r\n      \"align\": \"top\",\r\n      \"row\": 1,\r\n      \"col\": 2,\r\n      \"colspan\": 12,\r\n      \"offsetx\": 0,\r\n      \"offsety\": 0,\r\n      \"spaceabove\": 3,\r\n      \"spacebelow\": 0,\r\n      \"yvel\": 1,\r\n      \"push\": 2,\r\n      \"relid\": 14,\r\n      \"frameOverflow\": \"\",\r\n      \"dosync\": false,\r\n      \"absolute_position\": false\r\n    },\r\n    {\r\n      \"type\": \"stack\",\r\n      \"cont\": [\r\n        {\r\n          \"type\": \"text\",\r\n          \"cont\": \"<p class=\\\"_Texto_Bloque\\\">ACCOMPANY WOMEN IN SITUATION OF GENDER-BASED VIOLENCE ON THEIR ROUTES<br \/>TOWARDS A LIFE FREE OF VIOLENCE, THROUGH A COMPREHENSIVE APPROACH -PSYCHO SOCIAL LEGAL-,<br \/>AND PROVIDE SOLUTIONS FOR THE ELIMINATION OF GENDER-BASED VIOLENCE.<\/p>\",\r\n          \"align\": \"top\",\r\n          \"row\": -1,\r\n          \"col\": 1,\r\n          \"colspan\": 12,\r\n          \"offsetx\": 0,\r\n          \"offsety\": 0,\r\n          \"spaceabove\": 3,\r\n          \"spacebelow\": 0,\r\n          \"yvel\": 1,\r\n          \"push\": 1,\r\n          \"relid\": 7,\r\n          \"absolute_position\": false\r\n        }\r\n      ],\r\n      \"align\": \"top\",\r\n      \"row\": 1,\r\n      \"col\": 15,\r\n      \"colspan\": 15,\r\n      \"offsetx\": 0,\r\n      \"offsety\": 0,\r\n      \"spaceabove\": 0,\r\n      \"spacebelow\": 0,\r\n      \"yvel\": 1,\r\n      \"push\": 1,\r\n      \"relid\": 6,\r\n      \"classes\": \"bloque_violeta\",\r\n      \"frameOverflow\": \"\",\r\n      \"absolute_position\": false\r\n    },\r\n    {\r\n      \"type\": \"stack\",\r\n      \"cont\": [\r\n        {\r\n          \"type\": \"text\",\r\n          \"cont\": \"<p class=\\\"_Texto_Bloque\\\" style=\\\"text-align: right;\\\">We believe in a world without gender-based violence in which all women, LGBTIQ+ people and children are free and fully enjoy their rights.<\/p><p class=\\\"_Texto_Bloque\\\" style=\\\"text-align: right;\\\">\u00a0<\/p><p class=\\\"_Texto_Bloque\\\" style=\\\"text-align: right;\\\">\u00a0<\/p>\",\r\n          \"align\": \"top\",\r\n          \"row\": -1,\r\n          \"col\": 2,\r\n          \"colspan\": 12,\r\n          \"offsetx\": 0,\r\n          \"offsety\": 0,\r\n          \"spaceabove\": 3,\r\n          \"spacebelow\": 0,\r\n          \"yvel\": 1,\r\n          \"push\": 2,\r\n          \"relid\": 10,\r\n          \"absolute_position\": false\r\n        }\r\n      ],\r\n      \"align\": \"top\",\r\n      \"row\": 2,\r\n      \"col\": 0,\r\n      \"colspan\": 15,\r\n      \"offsetx\": 0,\r\n      \"offsety\": 0,\r\n      \"spaceabove\": 0,\r\n      \"spacebelow\": 0,\r\n      \"yvel\": 1,\r\n      \"push\": 0,\r\n      \"relid\": 5,\r\n      \"frameOverflow\": \"\",\r\n      \"classes\": \"bloque_violeta\",\r\n      \"absolute_position\": false\r\n    },\r\n    {\r\n      \"type\": \"text\",\r\n      \"cont\": \"<h1 class=\\\"_Titulo_Bloque\\\" style=\\\"text-align: left;\\\">Our Vission<\/h1>\",\r\n      \"align\": \"top\",\r\n      \"row\": 2,\r\n      \"col\": 16,\r\n      \"colspan\": 12,\r\n      \"offsetx\": 0,\r\n      \"offsety\": 0,\r\n      \"spaceabove\": 3,\r\n      \"spacebelow\": 0,\r\n      \"yvel\": 1,\r\n      \"push\": 1,\r\n      \"relid\": 11,\r\n      \"dosync\": false,\r\n      \"absolute_position\": false\r\n    },\r\n    {\r\n      \"type\": \"text\",\r\n      \"cont\": \"<h1 class=\\\"_Sub_Titulo\\\">What we do<\/h1>\",\r\n      \"align\": \"bottom\",\r\n      \"row\": 3,\r\n      \"col\": 2,\r\n      \"colspan\": 26,\r\n      \"offsetx\": 0,\r\n      \"offsety\": 0,\r\n      \"spaceabove\": 0,\r\n      \"spacebelow\": 0,\r\n      \"yvel\": 1,\r\n      \"push\": 2,\r\n      \"relid\": 8,\r\n      \"frameOverflow\": \"\",\r\n      \"dosync\": false,\r\n      \"absolute_position\": false\r\n    },\r\n    {\r\n      \"type\": \"text\",\r\n      \"cont\": \"<p class=\\\"_Texto\\\"><strong>Comprehensive Assistance<\/strong><\/p><p>\u00a0<\/p><p class=\\\"_Texto\\\">We conceive gender-based violence as an issue that affects women in every aspect of their lives, and therefore it must be approached taking this level of complexity into consideration. We carry out comprehensive work focusing on the strengthening and protection of the victims, providing support, orientation, group assistance, and legal counsel and representation. We assist women who are gender-based violence victims, women who survived child abuse, and mothers who suspect their daughters or sons have been victims of sexual abuse.<\/p><p>\u00a0<\/p><p><span style=\\\"text-decoration: underline; color: #993366;\\\">+ Info<\/span><\/p>\",\r\n      \"align\": \"middle\",\r\n      \"row\": 4,\r\n      \"col\": 2,\r\n      \"colspan\": 26,\r\n      \"offsetx\": 0,\r\n      \"offsety\": 0,\r\n      \"spaceabove\": 0,\r\n      \"spacebelow\": 0,\r\n      \"yvel\": 1,\r\n      \"push\": 2,\r\n      \"relid\": 9,\r\n      \"frameOverflow\": \"\",\r\n      \"absolute_position\": false\r\n    },\r\n    {\r\n      \"type\": \"hr\",\r\n      \"cont\": \"\",\r\n      \"align\": \"middle\",\r\n      \"row\": 5,\r\n      \"col\": 2,\r\n      \"colspan\": 26,\r\n      \"offsetx\": 0,\r\n      \"offsety\": 0,\r\n      \"spaceabove\": 0,\r\n      \"spacebelow\": 0,\r\n      \"yvel\": 1,\r\n      \"push\": 2,\r\n      \"relid\": 28,\r\n      \"absolute_position\": false\r\n    },\r\n    {\r\n      \"type\": \"text\",\r\n      \"cont\": \"<p class=\\\"_Texto\\\"><span style=\\\"font-family: 'Untitled Sans Medium';\\\">Trainning<\/span><br \/><br \/><\/p><p class=\\\"_Texto\\\">We are deeply committed to developing best practices in the approach of gender-based abuse and violence against children and adolescents.<\/p><p class=\\\"_Texto\\\">We develop multiple training activities, courses, conferences and seminars. In addition, we take part as speakers in both national and international congresses and as guest lecturers in courses and graduate classes related to this issue.<\/p><p class=\\\"_Texto\\\"><br \/><a href=\\\"https:\/\/www.shalombait.org.ar\/capacitacion\/\\\" data-type=\\\"page\\\" data-id=\\\"154\\\" data-title=\\\"Capacitaci\u00f3n\\\"><span style=\\\"text-decoration: underline;\\\"><span style=\\\"color: #743589; text-decoration: underline;\\\">+ Info<\/span><\/span><\/a><\/p>\",\r\n      \"align\": \"top\",\r\n      \"row\": 6,\r\n      \"col\": 2,\r\n      \"colspan\": 26,\r\n      \"offsetx\": 0,\r\n      \"offsety\": 0,\r\n      \"spaceabove\": 0,\r\n      \"spacebelow\": 0,\r\n      \"yvel\": 1,\r\n      \"push\": 2,\r\n      \"relid\": 12,\r\n      \"frameOverflow\": \"\",\r\n      \"absolute_position\": false\r\n    },\r\n    {\r\n      \"type\": \"hr\",\r\n      \"cont\": \"\",\r\n      \"align\": \"middle\",\r\n      \"row\": 7,\r\n      \"col\": 2,\r\n      \"colspan\": 26,\r\n      \"offsetx\": 0,\r\n      \"offsety\": 0,\r\n      \"spaceabove\": 0,\r\n      \"spacebelow\": 0,\r\n      \"yvel\": 1,\r\n      \"push\": 2,\r\n      \"relid\": 29,\r\n      \"absolute_position\": false\r\n    },\r\n    {\r\n      \"type\": \"text\",\r\n      \"cont\": \"<p class=\\\"_Texto\\\"><strong>Prevention<\/strong><\/p><p>\u00a0<\/p><p class=\\\"_Texto\\\">We believe that training sensitivity, raising awareness, and socializing information provides the victims with tools and resources to take the first steps towards solving the problem, and also contributes to the process of transforming society as a whole.<\/p><p class=\\\"_Texto\\\">We run prevention workshops and distribute graphic campaigns and publications in print and digital format.<\/p><p>\u00a0<\/p><p><span style=\\\"text-decoration: underline;\\\"><span style=\\\"color: #743589; text-decoration: underline;\\\">+Info<\/span><\/span><\/p>\",\r\n      \"align\": \"top\",\r\n      \"row\": 8,\r\n      \"col\": 2,\r\n      \"colspan\": 26,\r\n      \"offsetx\": 0,\r\n      \"offsety\": 0,\r\n      \"spaceabove\": 0,\r\n      \"spacebelow\": 0,\r\n      \"yvel\": 1,\r\n      \"push\": 2,\r\n      \"relid\": 17,\r\n      \"frameOverflow\": \"\",\r\n      \"absolute_position\": false\r\n    },\r\n    {\r\n      \"type\": \"text\",\r\n      \"cont\": \"<h1 class=\\\"_Numeros\\\" style=\\\"line-height: 0.6;\\\"><span style=\\\"font-family: 'Untitled Sans Bold'; color: #cec445;\\\">more<\/span><\/h1><h1 class=\\\"_Numeros\\\" style=\\\"line-height: 0.6;\\\"><span style=\\\"font-family: 'Untitled Sans Bold'; color: #cec445;\\\"> than <\/span><\/h1><h1 class=\\\"_Numeros\\\" style=\\\"line-height: 0.6;\\\"><span style=\\\"font-family: 'Untitled Sans Bold'; color: #cec445;\\\">4.500<\/span><\/h1><p class=\\\"_Texto\\\" style=\\\"line-height: 1.2;\\\"><span style=\\\"color: #ffffff; font-size: 20px;\\\">women found the support necessary to change their lives.<\/span><\/p>\",\r\n      \"align\": \"top\",\r\n      \"row\": 9,\r\n      \"col\": 2,\r\n      \"colspan\": 12,\r\n      \"offsetx\": 0,\r\n      \"offsety\": 0,\r\n      \"spaceabove\": 5,\r\n      \"spacebelow\": 5,\r\n      \"yvel\": 1,\r\n      \"push\": 2,\r\n      \"relid\": 18,\r\n      \"frameOverflow\": \"\",\r\n      \"absolute_position\": false\r\n    },\r\n    {\r\n      \"type\": \"text\",\r\n      \"cont\": \"<h1 class=\\\"_Numeros\\\" style=\\\"line-height: 0.6;\\\"><span style=\\\"font-family: 'Untitled Sans Bold'; color: #cec445;\\\">more <\/span><\/h1><h1 class=\\\"_Numeros\\\" style=\\\"line-height: 0.6;\\\"><span style=\\\"font-family: 'Untitled Sans Bold'; color: #cec445;\\\">than <\/span><\/h1><h1 class=\\\"_Numeros\\\" style=\\\"line-height: 0.6;\\\"><span style=\\\"font-family: 'Untitled Sans Bold'; color: #cec445;\\\">2.500<\/span><\/h1><p class=\\\"_Texto\\\" style=\\\"line-height: 1.2;\\\"><span style=\\\"color: #ffffff; font-size: 20px;\\\">Professionals attended our training programs.<\/span><\/p>\",\r\n      \"align\": \"top\",\r\n      \"row\": 9,\r\n      \"col\": 16,\r\n      \"colspan\": 12,\r\n      \"offsetx\": 0,\r\n      \"offsety\": 0,\r\n      \"spaceabove\": 5,\r\n      \"spacebelow\": 5,\r\n      \"yvel\": 1,\r\n      \"push\": 2,\r\n      \"relid\": 19,\r\n      \"frameOverflow\": \"\",\r\n      \"absolute_position\": false\r\n    },\r\n    {\r\n      \"type\": \"text\",\r\n      \"cont\": \"<h1 class=\\\"_Numeros\\\" style=\\\"line-height: 0.6;\\\"><span style=\\\"font-family: 'Untitled Sans Bold'; color: #cec445;\\\">12<\/span><\/h1><p class=\\\"_Texto\\\" style=\\\"line-height: 1.2;\\\"><span style=\\\"color: #ffffff; font-size: 20px;\\\">Groups of Women assemble every week.<\/span><\/p><p>\u00a0<\/p><p>\u00a0<\/p><p>\u00a0<\/p>\",\r\n      \"align\": \"middle\",\r\n      \"row\": 10,\r\n      \"col\": 9,\r\n      \"colspan\": 12,\r\n      \"offsetx\": 0,\r\n      \"offsety\": 0,\r\n      \"spaceabove\": 5,\r\n      \"spacebelow\": 5,\r\n      \"yvel\": 1,\r\n      \"push\": 9,\r\n      \"relid\": 21,\r\n      \"absolute_position\": false\r\n    },\r\n    {\r\n      \"type\": \"text\",\r\n      \"cont\": \"<h1 class=\\\"_Numeros\\\" style=\\\"line-height: 0.6;\\\"><span style=\\\"font-family: 'Untitled Sans Bold'; color: #cec445;\\\">292<\/span><\/h1><p class=\\\"_Texto\\\" style=\\\"line-height: 1.2;\\\"><span style=\\\"color: #ffffff; font-size: 20px;\\\">Women attended the groups this year.<\/span><\/p>\",\r\n      \"align\": \"top\",\r\n      \"row\": 11,\r\n      \"col\": 2,\r\n      \"colspan\": 12,\r\n      \"offsetx\": 0,\r\n      \"offsety\": 0,\r\n      \"spaceabove\": 5,\r\n      \"spacebelow\": 5,\r\n      \"yvel\": 1,\r\n      \"push\": 2,\r\n      \"relid\": 20,\r\n      \"frameOverflow\": \"\",\r\n      \"absolute_position\": false\r\n    },\r\n    {\r\n      \"type\": \"text\",\r\n      \"cont\": \"<h1 class=\\\"_Numeros\\\" style=\\\"line-height: 0.6;\\\"><span style=\\\"font-family: 'Untitled Sans Bold'; color: #cec445;\\\">447<\/span><\/h1><p class=\\\"_Texto\\\" style=\\\"line-height: 1.2;\\\"><span style=\\\"color: #ffffff;\\\">women received assistance in the last year.<\/span><\/p>\",\r\n      \"align\": \"top\",\r\n      \"row\": 11,\r\n      \"col\": 16,\r\n      \"colspan\": 12,\r\n      \"offsetx\": 0,\r\n      \"offsety\": 0,\r\n      \"spaceabove\": 5,\r\n      \"spacebelow\": 5,\r\n      \"yvel\": 1,\r\n      \"push\": 2,\r\n      \"relid\": 22,\r\n      \"frameOverflow\": \"\",\r\n      \"absolute_position\": false\r\n    },\r\n    {\r\n      \"type\": \"text\",\r\n      \"cont\": \"\",\r\n      \"align\": \"bottom\",\r\n      \"row\": 12,\r\n      \"col\": 11,\r\n      \"colspan\": 8,\r\n      \"offsetx\": 0,\r\n      \"offsety\": 0,\r\n      \"spaceabove\": 0,\r\n      \"spacebelow\": 0,\r\n      \"yvel\": 1,\r\n      \"push\": 11,\r\n      \"relid\": 26,\r\n      \"dosync\": false,\r\n      \"absolute_position\": false\r\n    },\r\n    {\r\n      \"type\": \"postThumbnail\",\r\n      \"cont\": \"\/wp-content\/uploads\/2025\/02\/blog.png\",\r\n      \"align\": \"bottom\",\r\n      \"row\": 13,\r\n      \"col\": 2,\r\n      \"colspan\": 26,\r\n      \"offsetx\": 0,\r\n      \"offsety\": 0,\r\n      \"spaceabove\": 0,\r\n      \"spacebelow\": 0,\r\n      \"yvel\": 1,\r\n      \"push\": 2,\r\n      \"relid\": 25,\r\n      \"title\": \"WE ARE IN AN EMERGENCY: JOIN THE #REDXTODAS\",\r\n      \"postid\": 759,\r\n      \"descr\": \"<p>February 11, 2025<\/p>\\n<p><span style=\\\"text-decoration: underline;\\\">Novedades Institucionales<\/span><\/p>\\n\",\r\n      \"link\": \"\/co-ocurrencia-de-violencia-de-g-y-violencia-sexual-contra-infancias-copy\/\",\r\n      \"attid\": 760,\r\n      \"ar\": 0.6705107084019769,\r\n      \"sizes\": {\r\n        \"full\": \"\/wp-content\/uploads\/2025\/02\/blog.png\",\r\n        \"_4096\": \"\/wp-content\/uploads\/2025\/02\/blog-4096x2746.png\",\r\n        \"_3840\": \"\/wp-content\/uploads\/2025\/02\/blog-3840x2575.png\",\r\n        \"_3200\": \"\/wp-content\/uploads\/2025\/02\/blog-3200x2146.png\",\r\n        \"_2560\": \"\/wp-content\/uploads\/2025\/02\/blog-2560x1717.png\",\r\n        \"_1920\": \"\/wp-content\/uploads\/2025\/02\/blog-1920x1287.png\",\r\n        \"_1280\": \"\/wp-content\/uploads\/2025\/02\/blog-1280x858.png\",\r\n        \"_1024\": \"\/wp-content\/uploads\/2025\/02\/blog-1024x687.png\",\r\n        \"_768\": \"\/wp-content\/uploads\/2025\/02\/blog-768x515.png\",\r\n        \"_512\": \"\/wp-content\/uploads\/2025\/02\/blog-512x343.png\",\r\n        \"_265\": \"\/wp-content\/uploads\/2025\/02\/blog-265x178.png\"\r\n      },\r\n      \"mo_sizes\": \"\",\r\n      \"mo_h\": \"\",\r\n      \"mo_w\": \"\",\r\n      \"video_url\": \"\",\r\n      \"video_w\": 0,\r\n      \"video_h\": 0,\r\n      \"mo_attid\": \"-1\",\r\n      \"video_attid\": \"\",\r\n      \"absolute_position\": false,\r\n      \"tags\": [],\r\n      \"w\": 666,\r\n      \"h\": 444\r\n    },\r\n    {\r\n      \"type\": \"postThumbnail\",\r\n      \"cont\": \"\/wp-content\/uploads\/2023\/07\/8.png\",\r\n      \"align\": \"middle\",\r\n      \"row\": 14,\r\n      \"col\": 2,\r\n      \"colspan\": 26,\r\n      \"offsetx\": 0,\r\n      \"offsety\": 0,\r\n      \"spaceabove\": 0,\r\n      \"spacebelow\": 0,\r\n      \"yvel\": 1,\r\n      \"push\": 2,\r\n      \"relid\": 23,\r\n      \"title\": \"WHY TALK ABOUT THE CO-OCCURRENCE OF GENDER-BASED VIOLENCE AND SEXUAL VIOLENCE AGAINST CHILDREN?\",\r\n      \"postid\": 736,\r\n      \"descr\": \"<p>July 5, 2022<\/p>\\n<p>Actualidad<\/p>\\n\",\r\n      \"link\": \"\/co-ocurrencia-de-violencia-de-g-y-violencia-sexual-contra-infancias\/\",\r\n      \"attid\": 737,\r\n      \"ar\": 0.6666666666666666,\r\n      \"sizes\": {\r\n        \"full\": \"\/wp-content\/uploads\/2023\/07\/8.png\",\r\n        \"_512\": \"\/wp-content\/uploads\/2023\/07\/8-512x341.png\",\r\n        \"_265\": \"\/wp-content\/uploads\/2023\/07\/8-265x177.png\"\r\n      },\r\n      \"mo_sizes\": \"\",\r\n      \"mo_h\": \"\",\r\n      \"mo_w\": \"\",\r\n      \"video_url\": \"\",\r\n      \"video_w\": 0,\r\n      \"video_h\": 0,\r\n      \"mo_attid\": \"-1\",\r\n      \"video_attid\": \"\",\r\n      \"absolute_position\": false,\r\n      \"tags\": [],\r\n      \"w\": 666,\r\n      \"h\": 444\r\n    },\r\n    {\r\n      \"type\": \"postThumbnail\",\r\n      \"cont\": \"\/wp-content\/uploads\/2023\/07\/5.png\",\r\n      \"align\": \"bottom\",\r\n      \"row\": 15,\r\n      \"col\": 2,\r\n      \"colspan\": 26,\r\n      \"offsetx\": 0,\r\n      \"offsety\": 0,\r\n      \"spaceabove\": 0,\r\n      \"spacebelow\": 0,\r\n      \"yvel\": 1,\r\n      \"push\": 2,\r\n      \"relid\": 24,\r\n      \"title\": \"NON-PAYMENT OF FOOD AS A FORM OF GENDER-BASED VIOLENCE\",\r\n      \"postid\": 732,\r\n      \"descr\": \"<p>February 24, 2022<\/p>\\n<p>Actualidad<\/p>\\n\",\r\n      \"link\": \"\/no-pago-de-alimentos-como-una-forma-de-violencia-de-genero-copy\/\",\r\n      \"attid\": 731,\r\n      \"ar\": 0.6666666666666666,\r\n      \"sizes\": {\r\n        \"full\": \"\/wp-content\/uploads\/2023\/07\/5.png\",\r\n        \"_512\": \"\/wp-content\/uploads\/2023\/07\/5-512x341.png\",\r\n        \"_265\": \"\/wp-content\/uploads\/2023\/07\/5-265x177.png\"\r\n      },\r\n      \"mo_sizes\": \"\",\r\n      \"mo_h\": \"\",\r\n      \"mo_w\": \"\",\r\n      \"video_url\": \"\",\r\n      \"video_w\": 0,\r\n      \"video_h\": 0,\r\n      \"mo_attid\": \"-1\",\r\n      \"video_attid\": \"\",\r\n      \"absolute_position\": false,\r\n      \"tags\": []\r\n    },\r\n    {\r\n      \"type\": \"text\",\r\n      \"cont\": \"<p>\u00a0<\/p><h1 class=\\\"_Titulo_Bloque\\\" style=\\\"text-align: center;\\\">Be part of the solution<\/h1><h1 class=\\\"_Unite\\\" style=\\\"text-align: center;\\\"><span style=\\\"color: #cec24f;\\\"><a style=\\\"color: #cec24f;\\\" href=\\\"https:\/\/www.shalombait.org.ar\/dona\/\\\" data-type=\\\"page\\\" data-id=\\\"163\\\" data-title=\\\"Don\u00e1\\\">JOIN SHALOM BAIT<\/a><\/span><\/h1>\",\r\n      \"align\": \"top\",\r\n      \"row\": 16,\r\n      \"col\": 2,\r\n      \"colspan\": 26,\r\n      \"offsetx\": 0,\r\n      \"offsety\": 0,\r\n      \"spaceabove\": 6,\r\n      \"spacebelow\": 6,\r\n      \"yvel\": 1,\r\n      \"push\": 2,\r\n      \"relid\": 27,\r\n      \"dosync\": false,\r\n      \"absolute_position\": false\r\n    },\r\n    {\r\n      \"type\": \"text\",\r\n      \"cont\": \"\",\r\n      \"align\": \"top\",\r\n      \"row\": 17,\r\n      \"col\": 0,\r\n      \"colspan\": 30,\r\n      \"offsetx\": 0,\r\n      \"offsety\": 0,\r\n      \"spaceabove\": 5,\r\n      \"spacebelow\": 5,\r\n      \"yvel\": 1,\r\n      \"push\": 0,\r\n      \"relid\": 64,\r\n      \"absolute_position\": false,\r\n      \"frameOverflow\": \"\"\r\n    }\r\n  ]\r\n}","_links":{"self":[{"href":"https:\/\/www.shalombait.org.ar\/en\/wp-json\/wp\/v2\/pages\/7","targetHints":{"allow":["GET"]}}],"collection":[{"href":"https:\/\/www.shalombait.org.ar\/en\/wp-json\/wp\/v2\/pages"}],"about":[{"href":"https:\/\/www.shalombait.org.ar\/en\/wp-json\/wp\/v2\/types\/page"}],"author":[{"embeddable":true,"href":"https:\/\/www.shalombait.org.ar\/en\/wp-json\/wp\/v2\/users\/1"}],"replies":[{"embeddable":true,"href":"https:\/\/www.shalombait.org.ar\/en\/wp-json\/wp\/v2\/comments?post=7"}],"version-history":[{"count":0,"href":"https:\/\/www.shalombait.org.ar\/en\/wp-json\/wp\/v2\/pages\/7\/revisions"}],"wp:attachment":[{"href":"https:\/\/www.shalombait.org.ar\/en\/wp-json\/wp\/v2\/media?parent=7"}],"curies":[{"name":"wp","href":"https:\/\/api.w.org\/{rel}","templated":true}]}}