{"id":171,"date":"2019-04-04T17:58:15","date_gmt":"2019-04-04T17:58:15","guid":{"rendered":"http:\/\/www.shalombait.org.ar\/?page_id=171"},"modified":"2021-03-01T18:57:08","modified_gmt":"2021-03-01T18:57:08","slug":"curso-de-capacitacion-online-2021","status":"publish","type":"page","link":"https:\/\/www.shalombait.org.ar\/en\/curso-de-capacitacion-online-2021\/","title":{"rendered":"Curso Capacitaci\u00f3n 2021"},"content":{"rendered":"","protected":false},"excerpt":{"rendered":"","protected":false},"author":1,"featured_media":0,"parent":0,"menu_order":8,"comment_status":"closed","ping_status":"closed","template":"","meta":[],"class_list":["post-171","page","type-page","status-publish","hentry"],"yoast_head":"<!-- This site is optimized with the Yoast SEO plugin v20.2.1 - https:\/\/yoast.com\/wordpress\/plugins\/seo\/ -->\n<title>Curso de Capacitaci\u00f3n Online 2021<\/title>\n<meta name=\"robots\" content=\"index, follow, max-snippet:-1, max-image-preview:large, max-video-preview:-1\" \/>\n<link rel=\"canonical\" href=\"https:\/\/www.shalombait.org.ar\/curso-de-capacitacion-online-2021\/\" \/>\n<meta property=\"og:locale\" content=\"en_US\" \/>\n<meta property=\"og:type\" content=\"article\" \/>\n<meta property=\"og:title\" content=\"Curso de Capacitaci\u00f3n Online 2021\" \/>\n<meta property=\"og:url\" content=\"https:\/\/www.shalombait.org.ar\/curso-de-capacitacion-online-2021\/\" \/>\n<meta property=\"og:site_name\" content=\"Shalom Bait\" \/>\n<meta property=\"article:modified_time\" content=\"2021-03-01T18:57:08+00:00\" \/>\n<meta property=\"og:image\" content=\"https:\/\/www.shalombait.org.ar\/wp-content\/uploads\/2021\/02\/FLYEROK.png\" \/>\n\t<meta property=\"og:image:width\" content=\"594\" \/>\n\t<meta property=\"og:image:height\" content=\"594\" \/>\n\t<meta property=\"og:image:type\" content=\"image\/png\" \/>\n<meta name=\"twitter:card\" content=\"summary_large_image\" \/>\n<script type=\"application\/ld+json\" class=\"yoast-schema-graph\">{\"@context\":\"https:\/\/schema.org\",\"@graph\":[{\"@type\":\"WebPage\",\"@id\":\"https:\/\/www.shalombait.org.ar\/curso-de-capacitacion-online-2021\/\",\"url\":\"https:\/\/www.shalombait.org.ar\/curso-de-capacitacion-online-2021\/\",\"name\":\"Curso de Capacitaci\u00f3n Online 2021\",\"isPartOf\":{\"@id\":\"https:\/\/www.shalombait.org.ar\/#website\"},\"datePublished\":\"2019-04-04T17:58:15+00:00\",\"dateModified\":\"2021-03-01T18:57:08+00:00\",\"breadcrumb\":{\"@id\":\"https:\/\/www.shalombait.org.ar\/curso-de-capacitacion-online-2021\/#breadcrumb\"},\"inLanguage\":\"en-US\",\"potentialAction\":[{\"@type\":\"ReadAction\",\"target\":[\"https:\/\/www.shalombait.org.ar\/curso-de-capacitacion-online-2021\/\"]}]},{\"@type\":\"BreadcrumbList\",\"@id\":\"https:\/\/www.shalombait.org.ar\/curso-de-capacitacion-online-2021\/#breadcrumb\",\"itemListElement\":[{\"@type\":\"ListItem\",\"position\":1,\"name\":\"Portada\",\"item\":\"https:\/\/www.shalombait.org.ar\/\"},{\"@type\":\"ListItem\",\"position\":2,\"name\":\"Curso Capacitaci\u00f3n 2021\"}]},{\"@type\":\"WebSite\",\"@id\":\"https:\/\/www.shalombait.org.ar\/#website\",\"url\":\"https:\/\/www.shalombait.org.ar\/\",\"name\":\"Shalom Bait\",\"description\":\"Defendemos el derecho a vivir en un hogar sin violencia\",\"publisher\":{\"@id\":\"https:\/\/www.shalombait.org.ar\/#organization\"},\"potentialAction\":[{\"@type\":\"SearchAction\",\"target\":{\"@type\":\"EntryPoint\",\"urlTemplate\":\"https:\/\/www.shalombait.org.ar\/?s={search_term_string}\"},\"query-input\":\"required name=search_term_string\"}],\"inLanguage\":\"en-US\"},{\"@type\":\"Organization\",\"@id\":\"https:\/\/www.shalombait.org.ar\/#organization\",\"name\":\"Shalom Bait\",\"url\":\"https:\/\/www.shalombait.org.ar\/\",\"logo\":{\"@type\":\"ImageObject\",\"inLanguage\":\"en-US\",\"@id\":\"https:\/\/www.shalombait.org.ar\/#\/schema\/logo\/image\/\",\"url\":\"https:\/\/www.shalombait.org.ar\/wp-content\/uploads\/2018\/11\/Logo-header.png\",\"contentUrl\":\"https:\/\/www.shalombait.org.ar\/wp-content\/uploads\/2018\/11\/Logo-header.png\",\"width\":778,\"height\":143,\"caption\":\"Shalom Bait\"},\"image\":{\"@id\":\"https:\/\/www.shalombait.org.ar\/#\/schema\/logo\/image\/\"}}]}<\/script>\n<!-- \/ Yoast SEO plugin. -->","yoast_head_json":{"title":"Curso de Capacitaci\u00f3n Online 2021","robots":{"index":"index","follow":"follow","max-snippet":"max-snippet:-1","max-image-preview":"max-image-preview:large","max-video-preview":"max-video-preview:-1"},"canonical":"https:\/\/www.shalombait.org.ar\/curso-de-capacitacion-online-2021\/","og_locale":"en_US","og_type":"article","og_title":"Curso de Capacitaci\u00f3n Online 2021","og_url":"https:\/\/www.shalombait.org.ar\/curso-de-capacitacion-online-2021\/","og_site_name":"Shalom Bait","article_modified_time":"2021-03-01T18:57:08+00:00","og_image":[{"width":594,"height":594,"url":"https:\/\/www.shalombait.org.ar\/wp-content\/uploads\/2021\/02\/FLYEROK.png","type":"image\/png"}],"twitter_card":"summary_large_image","schema":{"@context":"https:\/\/schema.org","@graph":[{"@type":"WebPage","@id":"https:\/\/www.shalombait.org.ar\/curso-de-capacitacion-online-2021\/","url":"https:\/\/www.shalombait.org.ar\/curso-de-capacitacion-online-2021\/","name":"Curso de Capacitaci\u00f3n Online 2021","isPartOf":{"@id":"https:\/\/www.shalombait.org.ar\/#website"},"datePublished":"2019-04-04T17:58:15+00:00","dateModified":"2021-03-01T18:57:08+00:00","breadcrumb":{"@id":"https:\/\/www.shalombait.org.ar\/curso-de-capacitacion-online-2021\/#breadcrumb"},"inLanguage":"en-US","potentialAction":[{"@type":"ReadAction","target":["https:\/\/www.shalombait.org.ar\/curso-de-capacitacion-online-2021\/"]}]},{"@type":"BreadcrumbList","@id":"https:\/\/www.shalombait.org.ar\/curso-de-capacitacion-online-2021\/#breadcrumb","itemListElement":[{"@type":"ListItem","position":1,"name":"Portada","item":"https:\/\/www.shalombait.org.ar\/"},{"@type":"ListItem","position":2,"name":"Curso Capacitaci\u00f3n 2021"}]},{"@type":"WebSite","@id":"https:\/\/www.shalombait.org.ar\/#website","url":"https:\/\/www.shalombait.org.ar\/","name":"Shalom Bait","description":"Defendemos el derecho a vivir en un hogar sin violencia","publisher":{"@id":"https:\/\/www.shalombait.org.ar\/#organization"},"potentialAction":[{"@type":"SearchAction","target":{"@type":"EntryPoint","urlTemplate":"https:\/\/www.shalombait.org.ar\/?s={search_term_string}"},"query-input":"required name=search_term_string"}],"inLanguage":"en-US"},{"@type":"Organization","@id":"https:\/\/www.shalombait.org.ar\/#organization","name":"Shalom Bait","url":"https:\/\/www.shalombait.org.ar\/","logo":{"@type":"ImageObject","inLanguage":"en-US","@id":"https:\/\/www.shalombait.org.ar\/#\/schema\/logo\/image\/","url":"https:\/\/www.shalombait.org.ar\/wp-content\/uploads\/2018\/11\/Logo-header.png","contentUrl":"https:\/\/www.shalombait.org.ar\/wp-content\/uploads\/2018\/11\/Logo-header.png","width":778,"height":143,"caption":"Shalom Bait"},"image":{"@id":"https:\/\/www.shalombait.org.ar\/#\/schema\/logo\/image\/"}}]}},"grid":"{\r\n  \"colCount\": 30,\r\n  \"colGutter\": 0,\r\n  \"rowGutters\": [\r\n    5,\r\n    5,\r\n    5,\r\n    5,\r\n    5,\r\n    5,\r\n    5,\r\n    5,\r\n    5,\r\n    2\r\n  ],\r\n  \"frameMargin\": 0,\r\n  \"topFrameMargin\": 70,\r\n  \"bottomFrameMargin\": 5,\r\n  \"rowAttrs\": [\r\n    {},\r\n    {},\r\n    {},\r\n    {},\r\n    {},\r\n    {},\r\n    {},\r\n    {},\r\n    {},\r\n    {},\r\n    {}\r\n  ],\r\n  \"bgColor\": null,\r\n  \"cont\": [\r\n    {\r\n      \"type\": \"text\",\r\n      \"cont\": \"<p>\u00a0<\/p><p class=\\\"_Default\\\" style=\\\"text-align: center;\\\"><span style=\\\"text-decoration: underline;\\\">CURSO INTERDISCIPLINARIO 2021<\/span><strong><span style=\\\"text-decoration: underline;\\\"><br \/><br \/><\/span><\/strong><\/p><h1 class=\\\"_Sub_Titulo\\\"><span style=\\\"font-size: 75px; color: #743189;\\\">VIOLENCIA DE G\u00c9NERO, ABORDAJE INTEGRAL Y BUENAS PR\u00c1CTICAS<\/span><\/h1><p>\u00a0<\/p><p class=\\\"_Texto_Item\\\" style=\\\"text-align: center;\\\"><span style=\\\"font-size: 20px;\\\">Equipo Docente:\u00a0\u00a0<\/span><\/p><p class=\\\"_Texto_Item\\\" style=\\\"text-align: center;\\\"><span style=\\\"font-size: 20px;\\\">Dra. Fernanda Tarica, Dra Diana Rosenhek, Lic. Ester Siegel, Lic. Antonia Balsalobre,\u00a0Lic. Hilda\u00a0Radrizzini, Dra. Hebe\u00a0Klajn\u00a0y docentes invitadas.\u00a0<\/span><\/p><p>\u00a0<\/p><p class=\\\"_Default\\\" style=\\\"text-align: center;\\\"><strong><span style=\\\"color: #2ba9bf;\\\">\u00a0<\/span><\/strong><strong><span style=\\\"color: #2ba9bf;\\\">Martes de 18 hs a 20.30\u00a0<\/span><\/strong><br \/><strong><span style=\\\"color: #2ba9bf;\\\">Capacitaci\u00f3n profesional online por Zoom<\/span><\/strong><\/p><p style=\\\"text-align: center;\\\"><strong>Inicia: 13 de abril\u00a0<\/strong><br \/><strong>Finaliza: 13 de julio<\/strong><\/p><p>\u00a0<\/p>\",\r\n      \"align\": \"top\",\r\n      \"row\": 0,\r\n      \"col\": 5,\r\n      \"colspan\": 20,\r\n      \"offsetx\": 0,\r\n      \"offsety\": 0,\r\n      \"spaceabove\": 7,\r\n      \"spacebelow\": 0,\r\n      \"yvel\": 1,\r\n      \"push\": 5,\r\n      \"relid\": 9,\r\n      \"frameOverflow\": \"\"\r\n    },\r\n    {\r\n      \"type\": \"hr\",\r\n      \"cont\": \"\",\r\n      \"align\": \"middle\",\r\n      \"row\": 1,\r\n      \"col\": 2,\r\n      \"colspan\": 26,\r\n      \"offsetx\": 0,\r\n      \"offsety\": 0,\r\n      \"spaceabove\": 3,\r\n      \"spacebelow\": 3,\r\n      \"yvel\": 1,\r\n      \"push\": 2,\r\n      \"relid\": 12,\r\n      \"frameOverflow\": \"\"\r\n    },\r\n    {\r\n      \"type\": \"text\",\r\n      \"cont\": \"<p class=\\\"_Destacado\\\" style=\\\"text-align: left;\\\"><span style=\\\"font-weight: 400; font-size: 35px;\\\">Desde una mirada integral desarrollaremos los aspectos conceptuales\u00a0de la problem\u00e1tica de la violencia de g\u00e9nero\u00a0y el maltrato a hijes, en intersecci\u00f3n con las buenas pr\u00e1cticas\u00a0en el abordaje.<\/span><\/p><p>\u00a0<\/p>\",\r\n      \"align\": \"top\",\r\n      \"row\": 2,\r\n      \"col\": 3,\r\n      \"colspan\": 11,\r\n      \"offsetx\": 0,\r\n      \"offsety\": 0,\r\n      \"spaceabove\": 0,\r\n      \"spacebelow\": 0,\r\n      \"yvel\": 1,\r\n      \"push\": 3,\r\n      \"relid\": 6,\r\n      \"frameOverflow\": \"\"\r\n    },\r\n    {\r\n      \"type\": \"text\",\r\n      \"cont\": \"<p class=\\\"_Destacado\\\" style=\\\"text-align: left;\\\"><span style=\\\"font-size: 35px;\\\">INFORMACI\u00d3N<br \/><br \/><\/span><\/p><p><span style=\\\"text-decoration: underline;\\\"><span style=\\\"font-weight: 400;\\\">Modalidad:\u00a0<\/span><\/span><span style=\\\"font-weight: 400;\\\">Online v\u00eda Zoom<\/span><span style=\\\"font-weight: 400;\\\"><br \/><br \/><\/span><span style=\\\"font-weight: 400;\\\"><span style=\\\"text-decoration: underline;\\\">Costo del Curso:<br \/><\/span><\/span><span style=\\\"background-color: #ffffff; letter-spacing: 0em; text-indent: 0em;\\\">Argentina: $12.000 (3 pagos de\u00a0 $4.000) <br \/><\/span><span style=\\\"text-indent: 0em; background-color: #ffffff; letter-spacing: 0em;\\\">Otros pa\u00edses: <\/span><span style=\\\"background-color: #ffffff; letter-spacing: 0em; text-indent: 0em;\\\">\u00a0270 <\/span><span style=\\\"font-weight: 400;\\\">U$D (3 pagos de 90 U$D)<\/span><\/p><p><span style=\\\"font-weight: 400;\\\"><span style=\\\"text-decoration: underline;\\\">Costo de Inscripci\u00f3n:<\/span> <br \/>Argentina: $2.000 <br \/><\/span><span style=\\\"text-indent: 0em; background-color: #ffffff; letter-spacing: 0em;\\\">Otros Pa\u00edses: 40 U$D<\/span><\/p><p><span style=\\\"text-decoration: underline;\\\">Costo total:<br \/><\/span><span style=\\\"font-weight: 400;\\\">Argentina: $<\/span><span style=\\\"text-indent: 0em; background-color: #ffffff; letter-spacing: 0em;\\\">14.000 <br \/><\/span><span style=\\\"text-indent: 0em; letter-spacing: 0em; background-color: #ffffff;\\\">Otros pa\u00edses: 310 <\/span><span style=\\\"font-weight: 400;\\\">U$D<\/span><\/p><p><span style=\\\"font-weight: 400;\\\"><span style=\\\"text-decoration: underline;\\\">Contacto:<\/span>\u00a0<br \/><\/span><span style=\\\"font-weight: 400;\\\"><a href=\\\"mailto:info@shalombait.org.ar\\\">info@shalombait.org.ar<\/a> <br \/><\/span><span style=\\\"font-weight: 400;\\\">4701-5890 de lunes a jueves de 9 a 19 hs<\/span><\/p><p class=\\\"_Default\\\" style=\\\"text-align: left;\\\">\u00a0<\/p>\",\r\n      \"align\": \"top\",\r\n      \"row\": 2,\r\n      \"col\": 16,\r\n      \"colspan\": 11,\r\n      \"offsetx\": 0,\r\n      \"offsety\": 0,\r\n      \"spaceabove\": 0,\r\n      \"spacebelow\": 0,\r\n      \"yvel\": 1,\r\n      \"push\": 2,\r\n      \"relid\": 8,\r\n      \"frameOverflow\": \"\"\r\n    },\r\n    {\r\n      \"type\": \"hr\",\r\n      \"cont\": \"\",\r\n      \"align\": \"middle\",\r\n      \"row\": 3,\r\n      \"col\": 2,\r\n      \"colspan\": 26,\r\n      \"offsetx\": 0,\r\n      \"offsety\": 0,\r\n      \"spaceabove\": 0,\r\n      \"spacebelow\": 0,\r\n      \"yvel\": 1,\r\n      \"push\": 2,\r\n      \"relid\": 11,\r\n      \"frameOverflow\": \"\",\r\n      \"dosync\": false\r\n    },\r\n    {\r\n      \"type\": \"text\",\r\n      \"cont\": \"<p class=\\\"_Texto_Bloque\\\" style=\\\"text-align: center;\\\"><a href=\\\"https:\/\/forms.gle\/UwcSQYpm2xxSPUj2A\\\"><span style=\\\"font-size: 50px;\\\"><span style=\\\"text-decoration: underline; color: #2ba9bf;\\\">FORMULARIO DE INSCRIPCI\u00d3N<\/span><\/span><\/a><\/p>\",\r\n      \"align\": \"middle\",\r\n      \"row\": 4,\r\n      \"col\": 3,\r\n      \"colspan\": 24,\r\n      \"offsetx\": 0,\r\n      \"offsety\": 0,\r\n      \"spaceabove\": 0,\r\n      \"spacebelow\": 5,\r\n      \"yvel\": 1,\r\n      \"push\": 3,\r\n      \"relid\": 46\r\n    },\r\n    {\r\n      \"type\": \"hr\",\r\n      \"cont\": \"\",\r\n      \"align\": \"middle\",\r\n      \"row\": 5,\r\n      \"col\": 2,\r\n      \"colspan\": 26,\r\n      \"offsetx\": 0,\r\n      \"offsety\": 0,\r\n      \"spaceabove\": 0,\r\n      \"spacebelow\": 0,\r\n      \"yvel\": 1,\r\n      \"push\": 2,\r\n      \"relid\": 47,\r\n      \"frameOverflow\": \"\"\r\n    },\r\n    {\r\n      \"type\": \"text\",\r\n      \"cont\": \"<p class=\\\"_Destacado\\\" style=\\\"text-align: left;\\\"><span style=\\\"font-size: 35px;\\\">PROGRAMA<\/span><\/p>\",\r\n      \"align\": \"middle\",\r\n      \"row\": 6,\r\n      \"col\": 2,\r\n      \"colspan\": 8,\r\n      \"offsetx\": 0,\r\n      \"offsety\": 0,\r\n      \"spaceabove\": 0,\r\n      \"spacebelow\": 0,\r\n      \"yvel\": 1,\r\n      \"push\": 2,\r\n      \"relid\": 7,\r\n      \"frameOverflow\": \"\"\r\n    },\r\n    {\r\n      \"type\": \"text\",\r\n      \"cont\": \"<p><span style=\\\"color: #2ba9bf;\\\"><b><u>CLASE 1<\/u><\/b><\/span><\/p><p><span data-contrast=\\\"none\\\">Conceptos introductorios sobre violencia de g\u00e9nero y maltrato a ni\u00f1os, ni\u00f1as y adolescentes. Poder, control y violencia. Modelos explicativos. Modelo Ecol\u00f3gico. Mitos y prejuicios. Patriarcado y machismo. G\u00e9nero y aprendizaje social.<\/span><span data-ccp-props=\\\"{&quot;134233117&quot;:true,&quot;134233118&quot;:true,&quot;201341983&quot;:0,&quot;335559740&quot;:240}\\\">\u00a0<\/span><\/p><p><span data-ccp-props=\\\"{&quot;134233117&quot;:true,&quot;134233118&quot;:true,&quot;201341983&quot;:0,&quot;335559740&quot;:240}\\\">\u00a0<\/span><\/p><p><span style=\\\"color: #2ba9bf;\\\"><b><u>CLASE 2<\/u><\/b><\/span><\/p><p><span data-contrast=\\\"none\\\">Violencia de g\u00e9nero: v\u00edctimas, tipos de maltrato, ciclo de la violencia. Efectos y consecuencias de la violencia desde una mirada integral. Aportes desde la victimolog\u00eda. Indefensi\u00f3n aprendida, persuasi\u00f3n coercitiva, estr\u00e9s post traum\u00e1tico, trauma complejo.<\/span><span data-ccp-props=\\\"{&quot;134233117&quot;:true,&quot;134233118&quot;:true,&quot;201341983&quot;:0,&quot;335559740&quot;:240}\\\">\u00a0<\/span><\/p><p><i><span data-contrast=\\\"none\\\">\u00a0<\/span><\/i><span data-ccp-props=\\\"{&quot;134233117&quot;:true,&quot;134233118&quot;:true,&quot;201341983&quot;:0,&quot;335559740&quot;:240}\\\">\u00a0<\/span><\/p><p><span style=\\\"color: #2ba9bf;\\\"><b><u>CLASE 3<\/u><\/b><\/span><\/p><p><span data-contrast=\\\"none\\\">G\u00e9nero y derecho de familia. Antecedentes hist\u00f3ricos. La mujer, los ni\u00f1os y ni\u00f1as en el sistema judicial. Las leyes de protecci\u00f3n y la intervenci\u00f3n legal. Denuncias. Fueros civil y penal.<\/span><span data-ccp-props=\\\"{&quot;134233117&quot;:true,&quot;134233118&quot;:true,&quot;201341983&quot;:0,&quot;335559740&quot;:240}\\\">\u00a0<\/span><\/p><p><span data-ccp-props=\\\"{&quot;134233117&quot;:true,&quot;134233118&quot;:true,&quot;201341983&quot;:0,&quot;335559740&quot;:240}\\\">\u00a0<\/span><\/p><p><span style=\\\"color: #2ba9bf;\\\"><b><u>CLASE 4<\/u><\/b><\/span><\/p><p><span data-contrast=\\\"none\\\">Masculinidad y violencia. Perfil del hombre que ejerce violencia.\u00a0<\/span><span data-contrast=\\\"none\\\">Tipolog\u00edas<\/span><span data-contrast=\\\"none\\\">.\u00a0<\/span><span data-ccp-props=\\\"{&quot;134233117&quot;:true,&quot;134233118&quot;:true,&quot;201341983&quot;:0,&quot;335559740&quot;:240}\\\">\u00a0<\/span><\/p><p><span data-ccp-props=\\\"{&quot;134233117&quot;:true,&quot;134233118&quot;:true,&quot;201341983&quot;:0,&quot;335559740&quot;:240}\\\">\u00a0<\/span><\/p><p><span style=\\\"color: #2ba9bf;\\\"><b><u>CLASE 5<\/u><\/b><\/span><\/p><p><span data-contrast=\\\"none\\\">Intervenci\u00f3n<\/span><span data-contrast=\\\"none\\\">. Se\u00f1ales de\u00a0<\/span><span data-contrast=\\\"none\\\">pre-violencia<\/span><span data-contrast=\\\"none\\\">, time\u00a0<\/span><span data-contrast=\\\"none\\\">out<\/span><span data-contrast=\\\"none\\\">, diario del enojo. Importancia del abordaje especializado y del trabajo grupal.<\/span><span data-ccp-props=\\\"{&quot;134233117&quot;:true,&quot;134233118&quot;:true,&quot;201341983&quot;:0,&quot;335559740&quot;:240}\\\">\u00a0<\/span><\/p><p><span data-ccp-props=\\\"{&quot;134233117&quot;:true,&quot;134233118&quot;:true,&quot;201341983&quot;:0,&quot;335559740&quot;:240}\\\">\u00a0<\/span><\/p><p><span style=\\\"color: #2ba9bf;\\\"><b><u>CLASE 6<\/u><\/b><\/span><\/p><p><span data-contrast=\\\"none\\\">Asistencia integral a mujeres en situaci\u00f3n de violencia de g\u00e9nero.\u00a0<\/span><span data-ccp-props=\\\"{&quot;134233117&quot;:true,&quot;134233118&quot;:true,&quot;201341983&quot;:0,&quot;335559740&quot;:240}\\\">\u00a0<\/span><\/p><p><span data-contrast=\\\"none\\\">Primera entrevista.\u00a0 Orientaci\u00f3n y evaluaci\u00f3n de riesgo. Entrevistas Interdisciplinarias.<\/span><span data-ccp-props=\\\"{&quot;134233117&quot;:true,&quot;134233118&quot;:true,&quot;201341983&quot;:0,&quot;335559740&quot;:240}\\\">\u00a0<\/span><\/p><p><span data-ccp-props=\\\"{&quot;134233117&quot;:true,&quot;134233118&quot;:true,&quot;201341983&quot;:0,&quot;335559740&quot;:240}\\\">\u00a0<\/span><\/p><p><span style=\\\"color: #2ba9bf;\\\"><b><u>CLASE 7<\/u><\/b><\/span><\/p><p><span data-contrast=\\\"none\\\">Trabajo grupal. Objetivos, din\u00e1mica, tem\u00e1ticas que se abordan. Evaluaci\u00f3n<\/span><span data-ccp-props=\\\"{&quot;134233117&quot;:true,&quot;134233118&quot;:true,&quot;201341983&quot;:0,&quot;335559740&quot;:240}\\\">\u00a0<\/span><\/p><p><span data-ccp-props=\\\"{&quot;134233117&quot;:true,&quot;134233118&quot;:true,&quot;201341983&quot;:0,&quot;335559740&quot;:240}\\\">\u00a0<\/span><\/p><p><span style=\\\"color: #2ba9bf;\\\"><b><u>CLASE 8<\/u><\/b><\/span><\/p><p><span data-contrast=\\\"none\\\">Impacto de la violencia de g\u00e9nero en el ejercicio del rol materno. Mandatos sociales sobre el ser mujer, esposa y madre.<\/span><span data-ccp-props=\\\"{&quot;134233117&quot;:true,&quot;134233118&quot;:true,&quot;201341983&quot;:0,&quot;335559740&quot;:240}\\\">\u00a0<\/span><\/p><p><span data-ccp-props=\\\"{&quot;134233117&quot;:true,&quot;134233118&quot;:true,&quot;201341983&quot;:0,&quot;335559740&quot;:240}\\\">\u00a0<\/span><\/p><p><span style=\\\"color: #2ba9bf;\\\"><b><u>CLASE 9<\/u><\/b><\/span><\/p><p><span data-contrast=\\\"none\\\">La violencia de g\u00e9nero como una forma de maltrato a hijas e hijos. Los hombres que ejercen violencia y su rol paterno. Aspectos jur\u00eddicos para la protecci\u00f3n de los ni\u00f1os y ni\u00f1as v\u00edctimas de la violencia de g\u00e9nero. An\u00e1lisis de casos<\/span><span data-ccp-props=\\\"{&quot;134233117&quot;:true,&quot;134233118&quot;:true,&quot;201341983&quot;:0,&quot;335559740&quot;:240}\\\">\u00a0<\/span><\/p><p><span data-ccp-props=\\\"{&quot;134233117&quot;:true,&quot;134233118&quot;:true,&quot;201341983&quot;:0,&quot;335559740&quot;:240}\\\">\u00a0<\/span><\/p><p><span style=\\\"color: #2ba9bf;\\\"><b><u>CLASE 10<\/u><\/b><\/span><\/p><p><span data-contrast=\\\"none\\\">Violencia de g\u00e9nero y abuso sexual a ni\u00f1os, ni\u00f1as y adolescentes.\u00a0Co-ocurrencia. Definiciones. Indicadores, factores de riesgo y consecuencias. Din\u00e1mica del abuso.<\/span><span data-ccp-props=\\\"{&quot;134233117&quot;:true,&quot;134233118&quot;:true,&quot;201341983&quot;:0,&quot;335559740&quot;:240}\\\">\u00a0<\/span><\/p><p><span data-ccp-props=\\\"{&quot;134233117&quot;:true,&quot;134233118&quot;:true,&quot;201341983&quot;:0,&quot;335559740&quot;:240}\\\">\u00a0<\/span><\/p><p><span style=\\\"color: #2ba9bf;\\\"><b><u>CLASE 11<\/u><\/b><\/span><\/p><p><span data-contrast=\\\"none\\\">Abuso sexual a ni\u00f1os, ni\u00f1as y adolescentes. Abordaje jur\u00eddico. Intervenci\u00f3n en el fuero penal y fuero civil, sus competencias. Consecuencias jur\u00eddicas de los posibles resultados del proceso de validaci\u00f3n del abuso.<\/span><span data-ccp-props=\\\"{&quot;134233117&quot;:true,&quot;134233118&quot;:true,&quot;201341983&quot;:0,&quot;335559740&quot;:240}\\\">\u00a0<\/span><\/p><p><span data-ccp-props=\\\"{&quot;134233117&quot;:true,&quot;134233118&quot;:true,&quot;201341983&quot;:0,&quot;335559740&quot;:240}\\\">\u00a0<\/span><\/p><p><span style=\\\"color: #2ba9bf;\\\"><b><u>CLASE 12<\/u><\/b><\/span><\/p><p><span data-contrast=\\\"none\\\">\u00a0La experiencia de las madres frente al abuso sexual de sus hijos e hijas. Representaciones sociales. Proceso de descubrimiento. Consecuencias. Falso SAP.<\/span><i><span data-contrast=\\\"none\\\">\u00a0<\/span><\/i><span data-contrast=\\\"none\\\">Grupo de madres<\/span><span data-ccp-props=\\\"{&quot;134233117&quot;:true,&quot;134233118&quot;:true,&quot;201341983&quot;:0,&quot;335559740&quot;:240}\\\">\u00a0<\/span><\/p><p><span data-ccp-props=\\\"{&quot;134233117&quot;:true,&quot;134233118&quot;:true,&quot;201341983&quot;:0,&quot;335559740&quot;:240}\\\">\u00a0<\/span><\/p><p><span style=\\\"color: #2ba9bf;\\\"><b><u>CLASE 13<\/u><\/b><\/span><\/p><p><span data-contrast=\\\"none\\\">Sobrevivientes de abuso sexual en la infancia. Impacto en el desarrollo. Intervenci\u00f3n.<\/span><span data-ccp-props=\\\"{&quot;134233117&quot;:true,&quot;134233118&quot;:true,&quot;201341983&quot;:0,&quot;335559740&quot;:240}\\\"> <br \/><\/span><i style=\\\"text-indent: 0em; background-color: #ffffff; letter-spacing: 0em;\\\"><span data-contrast=\\\"none\\\">Un modelo de abordaje grupal.\u00a0<\/span><\/i><span style=\\\"text-indent: 0em; background-color: #ffffff; letter-spacing: 0em;\\\" data-ccp-props=\\\"{&quot;134233117&quot;:true,&quot;134233118&quot;:true,&quot;201341983&quot;:0,&quot;335559740&quot;:240}\\\">\u00a0<\/span><\/p><p><span data-ccp-props=\\\"{&quot;134233117&quot;:true,&quot;134233118&quot;:true,&quot;201341983&quot;:0,&quot;335559740&quot;:240}\\\">\u00a0<\/span><\/p><p><span style=\\\"color: #2ba9bf;\\\"><b><u>CLASE 14<\/u><\/b><\/span><\/p><p><b><span data-contrast=\\\"none\\\">\u202f<\/span><\/b><span data-contrast=\\\"none\\\">An\u00e1lisis interdisciplinario de expedientes. La complejidad del abordaje de situaciones con denuncia de violencia de g\u00e9nero y sospecha de abuso sexual. Cierre del curso.<\/span><span data-ccp-props=\\\"{&quot;134233117&quot;:true,&quot;134233118&quot;:true,&quot;201341983&quot;:0,&quot;335559740&quot;:240}\\\">\u00a0<\/span><\/p>\",\r\n      \"align\": \"top\",\r\n      \"row\": 7,\r\n      \"col\": 2,\r\n      \"colspan\": 26,\r\n      \"offsetx\": 0,\r\n      \"offsety\": 0,\r\n      \"spaceabove\": 0,\r\n      \"spacebelow\": 5,\r\n      \"yvel\": 1,\r\n      \"push\": 2,\r\n      \"relid\": 10,\r\n      \"frameOverflow\": \"right\"\r\n    },\r\n    {\r\n      \"type\": \"hr\",\r\n      \"cont\": \"\",\r\n      \"align\": \"middle\",\r\n      \"row\": 8,\r\n      \"col\": 2,\r\n      \"colspan\": 26,\r\n      \"offsetx\": 0,\r\n      \"offsety\": 0,\r\n      \"spaceabove\": 0,\r\n      \"spacebelow\": 0,\r\n      \"yvel\": 1,\r\n      \"push\": 2,\r\n      \"relid\": 749,\r\n      \"frameOverflow\": \"\"\r\n    },\r\n    {\r\n      \"type\": \"text\",\r\n      \"cont\": \"<p class=\\\"_Default\\\" style=\\\"text-align: center;\\\">Organiza:<\/p>\",\r\n      \"align\": \"top\",\r\n      \"row\": 9,\r\n      \"col\": 11,\r\n      \"colspan\": 8,\r\n      \"offsetx\": 0,\r\n      \"offsety\": 0,\r\n      \"spaceabove\": 0,\r\n      \"spacebelow\": 0,\r\n      \"yvel\": 1,\r\n      \"push\": 11,\r\n      \"relid\": 181,\r\n      \"frameOverflow\": \"\"\r\n    },\r\n    {\r\n      \"type\": \"img\",\r\n      \"cont\": \"https:\/\/www.shalombait.org.ar\/wp-content\/uploads\/2018\/11\/Logo-header.png\",\r\n      \"align\": \"middle\",\r\n      \"row\": 10,\r\n      \"col\": 12,\r\n      \"colspan\": 6,\r\n      \"offsetx\": 0,\r\n      \"offsety\": 0,\r\n      \"spaceabove\": 0,\r\n      \"spacebelow\": 0,\r\n      \"yvel\": 1,\r\n      \"push\": 12,\r\n      \"relid\": 279,\r\n      \"attid\": 60,\r\n      \"sizes\": {\r\n        \"full\": \"https:\/\/www.shalombait.org.ar\/wp-content\/uploads\/2018\/11\/Logo-header.png\",\r\n        \"_768\": \"https:\/\/www.shalombait.org.ar\/wp-content\/uploads\/2018\/11\/Logo-header-768x141.png\",\r\n        \"_512\": \"https:\/\/www.shalombait.org.ar\/wp-content\/uploads\/2018\/11\/Logo-header-512x94.png\",\r\n        \"_265\": \"https:\/\/www.shalombait.org.ar\/wp-content\/uploads\/2018\/11\/Logo-header-265x49.png\"\r\n      },\r\n      \"ar\": 0.18380462724935734,\r\n      \"alt\": \"\",\r\n      \"w\": 778,\r\n      \"h\": 143\r\n    }\r\n  ]\r\n}","phonegrid":"{\r\n  \"colCount\": 30,\r\n  \"colGutter\": 0,\r\n  \"rowGutters\": [\r\n    5,\r\n    5,\r\n    5,\r\n    5,\r\n    5,\r\n    5,\r\n    5,\r\n    5,\r\n    5\r\n  ],\r\n  \"frameMargin\": 7.5,\r\n  \"topFrameMargin\": 5,\r\n  \"bottomFrameMargin\": 5,\r\n  \"rowAttrs\": [\r\n    {},\r\n    {},\r\n    {},\r\n    {},\r\n    {},\r\n    {},\r\n    {},\r\n    {},\r\n    {},\r\n    {}\r\n  ],\r\n  \"bgColor\": null,\r\n  \"cont\": [\r\n    {\r\n      \"type\": \"text\",\r\n      \"cont\": \"<p>\u00a0<\/p><p class=\\\"_Default\\\" style=\\\"text-align: center;\\\"><span style=\\\"text-decoration: underline;\\\">CURSO INTERDISCIPLINARIO 2021<\/span><strong><span style=\\\"text-decoration: underline;\\\"><br \/><br \/><\/span><\/strong><\/p><h1 class=\\\"_Sub_Titulo\\\"><span style=\\\"font-size: 75px; color: #743189;\\\">VIOLENCIA DE G\u00c9NERO, ABORDAJE INTEGRAL Y BUENAS PR\u00c1CTICAS<\/span><\/h1><p>\u00a0<\/p><p class=\\\"_Texto_Item\\\" style=\\\"text-align: center;\\\"><span style=\\\"font-size: 20px;\\\">Equipo Docente:\u00a0\u00a0<\/span><\/p><p class=\\\"_Texto_Item\\\" style=\\\"text-align: center;\\\"><span style=\\\"font-size: 20px;\\\">Dra. Fernanda Tarica, Dra Diana Rosenhek, Lic. Ester Siegel, Lic. Antonia Balsalobre,\u00a0Lic. Hilda\u00a0Radrizzini, Dra. Hebe\u00a0Klajn\u00a0y docentes invitadas.\u00a0<\/span><\/p><p>\u00a0<\/p><p class=\\\"_Default\\\" style=\\\"text-align: center;\\\"><strong><span style=\\\"color: #2ba9bf;\\\">\u00a0<\/span><\/strong><strong><span style=\\\"color: #2ba9bf;\\\">Martes de 18 hs a 20.30\u00a0<\/span><\/strong><br \/><strong><span style=\\\"color: #2ba9bf;\\\">Capacitaci\u00f3n profesional online por Zoom<\/span><\/strong><\/p><p style=\\\"text-align: center;\\\"><strong>Inicia: 13 de abril\u00a0<\/strong><br \/><strong>Finaliza: 13 de julio<\/strong><\/p><p>\u00a0<\/p>\",\r\n      \"align\": \"top\",\r\n      \"row\": 0,\r\n      \"col\": 0,\r\n      \"colspan\": 30,\r\n      \"offsetx\": 0,\r\n      \"offsety\": 0,\r\n      \"spaceabove\": 7,\r\n      \"spacebelow\": 0,\r\n      \"yvel\": 1,\r\n      \"push\": 0,\r\n      \"relid\": 9,\r\n      \"frameOverflow\": \"\"\r\n    },\r\n    {\r\n      \"type\": \"hr\",\r\n      \"cont\": \"\",\r\n      \"align\": \"middle\",\r\n      \"row\": 1,\r\n      \"col\": 0,\r\n      \"colspan\": 30,\r\n      \"offsetx\": 0,\r\n      \"offsety\": 0,\r\n      \"spaceabove\": 3,\r\n      \"spacebelow\": 3,\r\n      \"yvel\": 1,\r\n      \"push\": 0,\r\n      \"relid\": 12,\r\n      \"frameOverflow\": \"\"\r\n    },\r\n    {\r\n      \"type\": \"text\",\r\n      \"cont\": \"<p class=\\\"_Destacado\\\" style=\\\"text-align: left;\\\"><span style=\\\"font-weight: 400; font-size: 35px;\\\">Desde una mirada integral desarrollaremos los aspectos conceptuales\u00a0de la problem\u00e1tica de la violencia de g\u00e9nero\u00a0y el maltrato a hijes, en intersecci\u00f3n con las buenas pr\u00e1cticas\u00a0en el abordaje.<\/span><\/p><p>\u00a0<\/p>\",\r\n      \"align\": \"top\",\r\n      \"row\": 2,\r\n      \"col\": 0,\r\n      \"colspan\": 14,\r\n      \"offsetx\": 0,\r\n      \"offsety\": 0,\r\n      \"spaceabove\": 0,\r\n      \"spacebelow\": 0,\r\n      \"yvel\": 1,\r\n      \"push\": 0,\r\n      \"relid\": 6,\r\n      \"frameOverflow\": \"\"\r\n    },\r\n    {\r\n      \"type\": \"text\",\r\n      \"cont\": \"<p class=\\\"_Destacado\\\" style=\\\"text-align: left;\\\"><span style=\\\"font-size: 35px;\\\">INFORMACI\u00d3N<br \/><br \/><\/span><\/p><p><span style=\\\"text-decoration: underline;\\\"><span style=\\\"font-weight: 400;\\\">Modalidad:\u00a0<\/span><\/span><span style=\\\"font-weight: 400;\\\">Online v\u00eda Zoom<\/span><span style=\\\"font-weight: 400;\\\"><br \/><br \/><\/span><span style=\\\"font-weight: 400;\\\"><span style=\\\"text-decoration: underline;\\\">Costo del Curso:<br \/><\/span><\/span><span style=\\\"background-color: #ffffff; letter-spacing: 0em; text-indent: 0em;\\\">Argentina: $12.000 (3 pagos de\u00a0 $4.000) <br \/><\/span><span style=\\\"text-indent: 0em; background-color: #ffffff; letter-spacing: 0em;\\\">Otros pa\u00edses: <\/span><span style=\\\"background-color: #ffffff; letter-spacing: 0em; text-indent: 0em;\\\">\u00a0270 <\/span><span style=\\\"font-weight: 400;\\\">U$D (3 pagos de 90 U$D)<\/span><\/p><p><span style=\\\"font-weight: 400;\\\"><span style=\\\"text-decoration: underline;\\\">Costo de Inscripci\u00f3n:<\/span> <br \/>Argentina: $2.000 <br \/><\/span><span style=\\\"text-indent: 0em; background-color: #ffffff; letter-spacing: 0em;\\\">Otros Pa\u00edses: 40 U$D<\/span><\/p><p><span style=\\\"text-decoration: underline;\\\">Costo total:<br \/><\/span><span style=\\\"font-weight: 400;\\\">Argentina: $<\/span><span style=\\\"text-indent: 0em; background-color: #ffffff; letter-spacing: 0em;\\\">14.000 <br \/><\/span><span style=\\\"text-indent: 0em; letter-spacing: 0em; background-color: #ffffff;\\\">Otros pa\u00edses: 310 <\/span><span style=\\\"font-weight: 400;\\\">U$D<\/span><\/p><p><span style=\\\"font-weight: 400;\\\"><span style=\\\"text-decoration: underline;\\\">Contacto:<\/span>\u00a0<br \/><\/span><span style=\\\"font-weight: 400;\\\"><a href=\\\"mailto:info@shalombait.org.ar\\\">info@shalombait.org.ar<\/a> <br \/><\/span><span style=\\\"font-weight: 400;\\\">4701-5890 de lunes a jueves de 9 a 19 hs<\/span><\/p><p class=\\\"_Default\\\" style=\\\"text-align: left;\\\">\u00a0<\/p>\",\r\n      \"align\": \"top\",\r\n      \"row\": 2,\r\n      \"col\": 15,\r\n      \"colspan\": 15,\r\n      \"offsetx\": 0,\r\n      \"offsety\": 0,\r\n      \"spaceabove\": 0,\r\n      \"spacebelow\": 0,\r\n      \"yvel\": 1,\r\n      \"push\": 1,\r\n      \"relid\": 8,\r\n      \"frameOverflow\": \"\"\r\n    },\r\n    {\r\n      \"type\": \"text\",\r\n      \"cont\": \"<p class=\\\"_Texto_Bloque\\\" style=\\\"text-align: center;\\\"><a href=\\\"https:\/\/forms.gle\/UwcSQYpm2xxSPUj2A\\\"><span style=\\\"font-size: 50px;\\\"><span style=\\\"text-decoration: underline; color: #2ba9bf;\\\">FORMULARIO DE INSCRIPCI\u00d3N<\/span><\/span><\/a><\/p>\",\r\n      \"align\": \"top\",\r\n      \"row\": 3,\r\n      \"col\": 0,\r\n      \"colspan\": 30,\r\n      \"offsetx\": 0,\r\n      \"offsety\": 0,\r\n      \"spaceabove\": 0,\r\n      \"spacebelow\": 0,\r\n      \"yvel\": 1,\r\n      \"push\": 0,\r\n      \"relid\": 46\r\n    },\r\n    {\r\n      \"type\": \"hr\",\r\n      \"cont\": \"\",\r\n      \"align\": \"middle\",\r\n      \"row\": 4,\r\n      \"col\": 0,\r\n      \"colspan\": 30,\r\n      \"offsetx\": 0,\r\n      \"offsety\": 0,\r\n      \"spaceabove\": 0,\r\n      \"spacebelow\": 0,\r\n      \"yvel\": 1,\r\n      \"push\": 0,\r\n      \"relid\": 11,\r\n      \"frameOverflow\": \"\",\r\n      \"dosync\": false\r\n    },\r\n    {\r\n      \"type\": \"text\",\r\n      \"cont\": \"<p class=\\\"_Destacado\\\" style=\\\"text-align: left;\\\"><span style=\\\"font-size: 35px;\\\">PROGRAMA<\/span><\/p>\",\r\n      \"align\": \"middle\",\r\n      \"row\": 5,\r\n      \"col\": 0,\r\n      \"colspan\": 30,\r\n      \"offsetx\": 0,\r\n      \"offsety\": 0,\r\n      \"spaceabove\": 0,\r\n      \"spacebelow\": 0,\r\n      \"yvel\": 1,\r\n      \"push\": 0,\r\n      \"relid\": 7,\r\n      \"frameOverflow\": \"\"\r\n    },\r\n    {\r\n      \"type\": \"text\",\r\n      \"cont\": \"<p><span style=\\\"color: #2ba9bf;\\\"><b><u>CLASE 1<\/u><\/b><\/span><\/p><p><span data-contrast=\\\"none\\\">Conceptos introductorios sobre violencia de g\u00e9nero y maltrato a ni\u00f1os, ni\u00f1as y adolescentes. Poder, control y violencia. Modelos explicativos. Modelo Ecol\u00f3gico. Mitos y prejuicios. Patriarcado y machismo. G\u00e9nero y aprendizaje social.<\/span><span data-ccp-props=\\\"{&quot;134233117&quot;:true,&quot;134233118&quot;:true,&quot;201341983&quot;:0,&quot;335559740&quot;:240}\\\">\u00a0<\/span><\/p><p><span data-ccp-props=\\\"{&quot;134233117&quot;:true,&quot;134233118&quot;:true,&quot;201341983&quot;:0,&quot;335559740&quot;:240}\\\">\u00a0<\/span><\/p><p><span style=\\\"color: #2ba9bf;\\\"><b><u>CLASE 2<\/u><\/b><\/span><\/p><p><span data-contrast=\\\"none\\\">Violencia de g\u00e9nero: v\u00edctimas, tipos de maltrato, ciclo de la violencia. Efectos y consecuencias de la violencia desde una mirada integral. Aportes desde la victimolog\u00eda. Indefensi\u00f3n aprendida, persuasi\u00f3n coercitiva, estr\u00e9s post traum\u00e1tico, trauma complejo.<\/span><span data-ccp-props=\\\"{&quot;134233117&quot;:true,&quot;134233118&quot;:true,&quot;201341983&quot;:0,&quot;335559740&quot;:240}\\\">\u00a0<\/span><\/p><p><i><span data-contrast=\\\"none\\\">\u00a0<\/span><\/i><span data-ccp-props=\\\"{&quot;134233117&quot;:true,&quot;134233118&quot;:true,&quot;201341983&quot;:0,&quot;335559740&quot;:240}\\\">\u00a0<\/span><\/p><p><span style=\\\"color: #2ba9bf;\\\"><b><u>CLASE 3<\/u><\/b><\/span><\/p><p><span data-contrast=\\\"none\\\">G\u00e9nero y derecho de familia. Antecedentes hist\u00f3ricos. La mujer, los ni\u00f1os y ni\u00f1as en el sistema judicial. Las leyes de protecci\u00f3n y la intervenci\u00f3n legal. Denuncias. Fueros civil y penal.<\/span><span data-ccp-props=\\\"{&quot;134233117&quot;:true,&quot;134233118&quot;:true,&quot;201341983&quot;:0,&quot;335559740&quot;:240}\\\">\u00a0<\/span><\/p><p><span data-ccp-props=\\\"{&quot;134233117&quot;:true,&quot;134233118&quot;:true,&quot;201341983&quot;:0,&quot;335559740&quot;:240}\\\">\u00a0<\/span><\/p><p><span style=\\\"color: #2ba9bf;\\\"><b><u>CLASE 4<\/u><\/b><\/span><\/p><p><span data-contrast=\\\"none\\\">Masculinidad y violencia. Perfil del hombre que ejerce violencia.\u00a0<\/span><span data-contrast=\\\"none\\\">Tipolog\u00edas<\/span><span data-contrast=\\\"none\\\">.\u00a0<\/span><span data-ccp-props=\\\"{&quot;134233117&quot;:true,&quot;134233118&quot;:true,&quot;201341983&quot;:0,&quot;335559740&quot;:240}\\\">\u00a0<\/span><\/p><p><span data-ccp-props=\\\"{&quot;134233117&quot;:true,&quot;134233118&quot;:true,&quot;201341983&quot;:0,&quot;335559740&quot;:240}\\\">\u00a0<\/span><\/p><p><span style=\\\"color: #2ba9bf;\\\"><b><u>CLASE 5<\/u><\/b><\/span><\/p><p><span data-contrast=\\\"none\\\">Intervenci\u00f3n<\/span><span data-contrast=\\\"none\\\">. Se\u00f1ales de\u00a0<\/span><span data-contrast=\\\"none\\\">pre-violencia<\/span><span data-contrast=\\\"none\\\">, time\u00a0<\/span><span data-contrast=\\\"none\\\">out<\/span><span data-contrast=\\\"none\\\">, diario del enojo. Importancia del abordaje especializado y del trabajo grupal.<\/span><span data-ccp-props=\\\"{&quot;134233117&quot;:true,&quot;134233118&quot;:true,&quot;201341983&quot;:0,&quot;335559740&quot;:240}\\\">\u00a0<\/span><\/p><p><span data-ccp-props=\\\"{&quot;134233117&quot;:true,&quot;134233118&quot;:true,&quot;201341983&quot;:0,&quot;335559740&quot;:240}\\\">\u00a0<\/span><\/p><p><span style=\\\"color: #2ba9bf;\\\"><b><u>CLASE 6<\/u><\/b><\/span><\/p><p><span data-contrast=\\\"none\\\">Asistencia integral a mujeres en situaci\u00f3n de violencia de g\u00e9nero.\u00a0<\/span><span data-ccp-props=\\\"{&quot;134233117&quot;:true,&quot;134233118&quot;:true,&quot;201341983&quot;:0,&quot;335559740&quot;:240}\\\">\u00a0<\/span><\/p><p><span data-contrast=\\\"none\\\">Primera entrevista.\u00a0 Orientaci\u00f3n y evaluaci\u00f3n de riesgo. Entrevistas Interdisciplinarias.<\/span><span data-ccp-props=\\\"{&quot;134233117&quot;:true,&quot;134233118&quot;:true,&quot;201341983&quot;:0,&quot;335559740&quot;:240}\\\">\u00a0<\/span><\/p><p><span data-ccp-props=\\\"{&quot;134233117&quot;:true,&quot;134233118&quot;:true,&quot;201341983&quot;:0,&quot;335559740&quot;:240}\\\">\u00a0<\/span><\/p><p><span style=\\\"color: #2ba9bf;\\\"><b><u>CLASE 7<\/u><\/b><\/span><\/p><p><span data-contrast=\\\"none\\\">Trabajo grupal. Objetivos, din\u00e1mica, tem\u00e1ticas que se abordan. Evaluaci\u00f3n<\/span><span data-ccp-props=\\\"{&quot;134233117&quot;:true,&quot;134233118&quot;:true,&quot;201341983&quot;:0,&quot;335559740&quot;:240}\\\">\u00a0<\/span><\/p><p><span data-ccp-props=\\\"{&quot;134233117&quot;:true,&quot;134233118&quot;:true,&quot;201341983&quot;:0,&quot;335559740&quot;:240}\\\">\u00a0<\/span><\/p><p><span style=\\\"color: #2ba9bf;\\\"><b><u>CLASE 8<\/u><\/b><\/span><\/p><p><span data-contrast=\\\"none\\\">Impacto de la violencia de g\u00e9nero en el ejercicio del rol materno. Mandatos sociales sobre el ser mujer, esposa y madre.<\/span><span data-ccp-props=\\\"{&quot;134233117&quot;:true,&quot;134233118&quot;:true,&quot;201341983&quot;:0,&quot;335559740&quot;:240}\\\">\u00a0<\/span><\/p><p><span data-ccp-props=\\\"{&quot;134233117&quot;:true,&quot;134233118&quot;:true,&quot;201341983&quot;:0,&quot;335559740&quot;:240}\\\">\u00a0<\/span><\/p><p><span style=\\\"color: #2ba9bf;\\\"><b><u>CLASE 9<\/u><\/b><\/span><\/p><p><span data-contrast=\\\"none\\\">La violencia de g\u00e9nero como una forma de maltrato a hijas e hijos. Los hombres que ejercen violencia y su rol paterno. Aspectos jur\u00eddicos para la protecci\u00f3n de los ni\u00f1os y ni\u00f1as v\u00edctimas de la violencia de g\u00e9nero. An\u00e1lisis de casos<\/span><span data-ccp-props=\\\"{&quot;134233117&quot;:true,&quot;134233118&quot;:true,&quot;201341983&quot;:0,&quot;335559740&quot;:240}\\\">\u00a0<\/span><\/p><p><span data-ccp-props=\\\"{&quot;134233117&quot;:true,&quot;134233118&quot;:true,&quot;201341983&quot;:0,&quot;335559740&quot;:240}\\\">\u00a0<\/span><\/p><p><span style=\\\"color: #2ba9bf;\\\"><b><u>CLASE 10<\/u><\/b><\/span><\/p><p><span data-contrast=\\\"none\\\">Violencia de g\u00e9nero y abuso sexual a ni\u00f1os, ni\u00f1as y adolescentes.\u00a0Co-ocurrencia. Definiciones. Indicadores, factores de riesgo y consecuencias. Din\u00e1mica del abuso.<\/span><span data-ccp-props=\\\"{&quot;134233117&quot;:true,&quot;134233118&quot;:true,&quot;201341983&quot;:0,&quot;335559740&quot;:240}\\\">\u00a0<\/span><\/p><p><span data-ccp-props=\\\"{&quot;134233117&quot;:true,&quot;134233118&quot;:true,&quot;201341983&quot;:0,&quot;335559740&quot;:240}\\\">\u00a0<\/span><\/p><p><span style=\\\"color: #2ba9bf;\\\"><b><u>CLASE 11<\/u><\/b><\/span><\/p><p><span data-contrast=\\\"none\\\">Abuso sexual a ni\u00f1os, ni\u00f1as y adolescentes. Abordaje jur\u00eddico. Intervenci\u00f3n en el fuero penal y fuero civil, sus competencias. Consecuencias jur\u00eddicas de los posibles resultados del proceso de validaci\u00f3n del abuso.<\/span><span data-ccp-props=\\\"{&quot;134233117&quot;:true,&quot;134233118&quot;:true,&quot;201341983&quot;:0,&quot;335559740&quot;:240}\\\">\u00a0<\/span><\/p><p><span data-ccp-props=\\\"{&quot;134233117&quot;:true,&quot;134233118&quot;:true,&quot;201341983&quot;:0,&quot;335559740&quot;:240}\\\">\u00a0<\/span><\/p><p><span style=\\\"color: #2ba9bf;\\\"><b><u>CLASE 12<\/u><\/b><\/span><\/p><p><span data-contrast=\\\"none\\\">\u00a0La experiencia de las madres frente al abuso sexual de sus hijos e hijas. Representaciones sociales. Proceso de descubrimiento. Consecuencias. Falso SAP.<\/span><i><span data-contrast=\\\"none\\\">\u00a0<\/span><\/i><span data-contrast=\\\"none\\\">Grupo de madres<\/span><span data-ccp-props=\\\"{&quot;134233117&quot;:true,&quot;134233118&quot;:true,&quot;201341983&quot;:0,&quot;335559740&quot;:240}\\\">\u00a0<\/span><\/p><p><span data-ccp-props=\\\"{&quot;134233117&quot;:true,&quot;134233118&quot;:true,&quot;201341983&quot;:0,&quot;335559740&quot;:240}\\\">\u00a0<\/span><\/p><p><span style=\\\"color: #2ba9bf;\\\"><b><u>CLASE 13<\/u><\/b><\/span><\/p><p><span data-contrast=\\\"none\\\">Sobrevivientes de abuso sexual en la infancia. Impacto en el desarrollo. Intervenci\u00f3n.<\/span><span data-ccp-props=\\\"{&quot;134233117&quot;:true,&quot;134233118&quot;:true,&quot;201341983&quot;:0,&quot;335559740&quot;:240}\\\"> <br \/><\/span><i style=\\\"text-indent: 0em; background-color: #ffffff; letter-spacing: 0em;\\\"><span data-contrast=\\\"none\\\">Un modelo de abordaje grupal.\u00a0<\/span><\/i><span style=\\\"text-indent: 0em; background-color: #ffffff; letter-spacing: 0em;\\\" data-ccp-props=\\\"{&quot;134233117&quot;:true,&quot;134233118&quot;:true,&quot;201341983&quot;:0,&quot;335559740&quot;:240}\\\">\u00a0<\/span><\/p><p><span data-ccp-props=\\\"{&quot;134233117&quot;:true,&quot;134233118&quot;:true,&quot;201341983&quot;:0,&quot;335559740&quot;:240}\\\">\u00a0<\/span><\/p><p><span style=\\\"color: #2ba9bf;\\\"><b><u>CLASE 14<\/u><\/b><\/span><\/p><p><b><span data-contrast=\\\"none\\\">\u202f<\/span><\/b><span data-contrast=\\\"none\\\">An\u00e1lisis interdisciplinario de expedientes. La complejidad del abordaje de situaciones con denuncia de violencia de g\u00e9nero y sospecha de abuso sexual. Cierre del curso.<\/span><span data-ccp-props=\\\"{&quot;134233117&quot;:true,&quot;134233118&quot;:true,&quot;201341983&quot;:0,&quot;335559740&quot;:240}\\\">\u00a0<\/span><\/p>\",\r\n      \"align\": \"middle\",\r\n      \"row\": 6,\r\n      \"col\": 0,\r\n      \"colspan\": 30,\r\n      \"offsetx\": 0,\r\n      \"offsety\": 0,\r\n      \"spaceabove\": 0,\r\n      \"spacebelow\": 5,\r\n      \"yvel\": 1,\r\n      \"push\": 0,\r\n      \"relid\": 10,\r\n      \"frameOverflow\": \"\"\r\n    },\r\n    {\r\n      \"type\": \"hr\",\r\n      \"cont\": \"\",\r\n      \"align\": \"top\",\r\n      \"row\": 7,\r\n      \"col\": 0,\r\n      \"colspan\": 30,\r\n      \"offsetx\": 0,\r\n      \"offsety\": 0,\r\n      \"spaceabove\": 0,\r\n      \"spacebelow\": 0,\r\n      \"yvel\": 1,\r\n      \"push\": 0,\r\n      \"relid\": 14,\r\n      \"frameOverflow\": \"\",\r\n      \"dosync\": false\r\n    },\r\n    {\r\n      \"type\": \"text\",\r\n      \"cont\": \"<p class=\\\"_Default\\\" style=\\\"text-align: center;\\\">Organiza:<\/p>\",\r\n      \"align\": \"top\",\r\n      \"row\": 8,\r\n      \"col\": 11,\r\n      \"colspan\": 8,\r\n      \"offsetx\": 0,\r\n      \"offsety\": 0,\r\n      \"spaceabove\": 0,\r\n      \"spacebelow\": 0,\r\n      \"yvel\": 1,\r\n      \"push\": 11,\r\n      \"relid\": 181,\r\n      \"frameOverflow\": \"\"\r\n    },\r\n    {\r\n      \"type\": \"img\",\r\n      \"cont\": \"https:\/\/www.shalombait.org.ar\/wp-content\/uploads\/2018\/11\/Logo-header.png\",\r\n      \"align\": \"middle\",\r\n      \"row\": 9,\r\n      \"col\": 0,\r\n      \"colspan\": 30,\r\n      \"offsetx\": 0,\r\n      \"offsety\": 0,\r\n      \"spaceabove\": 0,\r\n      \"spacebelow\": 0,\r\n      \"yvel\": 1,\r\n      \"push\": 0,\r\n      \"relid\": 279,\r\n      \"attid\": 60,\r\n      \"sizes\": {\r\n        \"full\": \"https:\/\/www.shalombait.org.ar\/wp-content\/uploads\/2018\/11\/Logo-header.png\",\r\n        \"_768\": \"https:\/\/www.shalombait.org.ar\/wp-content\/uploads\/2018\/11\/Logo-header-768x141.png\",\r\n        \"_512\": \"https:\/\/www.shalombait.org.ar\/wp-content\/uploads\/2018\/11\/Logo-header-512x94.png\",\r\n        \"_265\": \"https:\/\/www.shalombait.org.ar\/wp-content\/uploads\/2018\/11\/Logo-header-265x49.png\"\r\n      },\r\n      \"ar\": 0.18380462724935734,\r\n      \"alt\": \"\",\r\n      \"frameOverflow\": \"\",\r\n      \"w\": 778,\r\n      \"h\": 143\r\n    }\r\n  ]\r\n}","_links":{"self":[{"href":"https:\/\/www.shalombait.org.ar\/en\/wp-json\/wp\/v2\/pages\/171","targetHints":{"allow":["GET"]}}],"collection":[{"href":"https:\/\/www.shalombait.org.ar\/en\/wp-json\/wp\/v2\/pages"}],"about":[{"href":"https:\/\/www.shalombait.org.ar\/en\/wp-json\/wp\/v2\/types\/page"}],"author":[{"embeddable":true,"href":"https:\/\/www.shalombait.org.ar\/en\/wp-json\/wp\/v2\/users\/1"}],"replies":[{"embeddable":true,"href":"https:\/\/www.shalombait.org.ar\/en\/wp-json\/wp\/v2\/comments?post=171"}],"version-history":[{"count":0,"href":"https:\/\/www.shalombait.org.ar\/en\/wp-json\/wp\/v2\/pages\/171\/revisions"}],"wp:attachment":[{"href":"https:\/\/www.shalombait.org.ar\/en\/wp-json\/wp\/v2\/media?parent=171"}],"curies":[{"name":"wp","href":"https:\/\/api.w.org\/{rel}","templated":true}]}}